{"id":2556,"date":"2021-07-28T05:22:31","date_gmt":"2021-07-28T05:22:31","guid":{"rendered":"https:\/\/primaria-vaideeni.ro\/VAIDEENI\/?page_id=2556"},"modified":"2026-02-14T11:53:46","modified_gmt":"2026-02-14T11:53:46","slug":"anunturi","status":"publish","type":"page","link":"https:\/\/primaria-vaideeni.ro\/VAIDEENI\/anunturi\/","title":{"rendered":"ANUN\u021aURI"},"content":{"rendered":"\n<p><a href=\"https:\/\/primaria-vaideeni.ro\/VAIDEENI\/wp-content\/uploads\/2026\/02\/ANUNT-1_1_merged.pdf\">Anun\u021b privind \u00eenceperea execut\u0103rii lucr\u0103rilor \u0219i modul de calcul al indemniza\u021biilor \u0219i desp\u0103gubirilor pentru terenurile afectate de lucr\u0103rile de execu\u021bie la Proiectul de Importan\u021b\u0103 Na\u021bional\u0103 \u201dConducta de transport gaze naturale Tetila-Horezu-R\u00e2mnicu V\u00e2lcea\u201d<\/a><\/p>\n\n\n\n<p><a href=\"https:\/\/primaria-vaideeni.ro\/VAIDEENI\/wp-content\/uploads\/2026\/02\/ANUNT-1.pdf\">https:\/\/primaria-vaideeni.ro\/VAIDEENI\/wp-content\/uploads\/2026\/02\/ANUNT-1.pdf<\/a><\/p>\n\n\n\n<p><a href=\"https:\/\/primaria-vaideeni.ro\/VAIDEENI\/wp-content\/uploads\/2025\/08\/LISTA.pdf\">LISTA &#8211; proiecte primite \u00een cadrul Apelului 2 de fi\u0219e de proiecte<\/a><\/p>\n\n\n\n<p><a href=\"https:\/\/primaria-vaideeni.ro\/VAIDEENI\/wp-content\/uploads\/2025\/07\/REZULTAT-FINAL.pdf\">Rezultat final &#8211; Tehnician \u00een asisten\u021b\u0103 social\u0103<\/a><\/p>\n\n\n\n<p><a href=\"https:\/\/primaria-vaideeni.ro\/VAIDEENI\/wp-content\/uploads\/2025\/07\/PV.pdf\">Rezultat proba scris\u0103 &#8211; Tehnician \u00een asisten\u021b\u0103 social\u0103<\/a><\/p>\n\n\n\n<p><a href=\"https:\/\/primaria-vaideeni.ro\/VAIDEENI\/wp-content\/uploads\/2025\/06\/pv-selectie-1.pdf\">Proces verbal selectie dosar -Tehnician \u00een asisten\u021b\u0103 social\u0103<\/a><\/p>\n\n\n\n<p><a href=\"https:\/\/primaria-vaideeni.ro\/VAIDEENI\/wp-content\/uploads\/2025\/08\/ANUNT.pdf\">ANUN\u021a &#8211; LANSARE APEL 2 FI\u0218E DE PROIECT<\/a><\/p>\n\n\n\n<p><a href=\"https:\/\/primaria-vaideeni.ro\/VAIDEENI\/wp-content\/uploads\/2025\/06\/anunt-cadastrare.pdf\">ANUN\u021a privind verificarea terenurilor prin programul \u201dSistemul integrat de Cadastru \u0219i Carte Funciar\u0103 a imobilelor situate \u00een UAT Vaideeni, jude\u021bul V\u00e2lcea<\/a><\/p>\n\n\n\n<p><a href=\"https:\/\/primaria-vaideeni.ro\/VAIDEENI\/wp-content\/uploads\/2025\/06\/ANUNT1.pdf\">Anunt concurs Tehnician in asistenta sociala-debutant<\/a><\/p>\n\n\n\n<p><a href=\"https:\/\/primaria-vaideeni.ro\/VAIDEENI\/wp-content\/uploads\/2025\/03\/Procedura-cadru-selectie-UAT-uri-proiect-SCI-2000-20-23.pdf\">ANUN\u021a privind Selec\u021bia UAT-urilor rurale \u00een cadrul proiectului \u201eFurnizare de servicii integrate \u00een comunit\u0103\u021bile rurale \u2013 facilitarea accesului persoanelor vulnerabile la servicii de baz\u0103 eficiente \u015fi de calitate\u201d<\/a><\/p>\n\n\n\n<p><a href=\"https:\/\/primaria-vaideeni.ro\/VAIDEENI\/wp-content\/uploads\/2025\/02\/ERATA-ANUNT-DE-PARTICIPARE-10022025153111.pdf\">ERATA LA ANUN\u021a DE PARTICIPARE &#8211; privind achizi\u021bia de produse Masa cald\u0103 \u00een regim de catering \/ pachet alimentar prin Programul na\u021bional ,,Mas\u0103 s\u0103n\u0103toas\u0103\u201d<\/a><\/p>\n\n\n\n<p><a href=\"https:\/\/primaria-vaideeni.ro\/VAIDEENI\/wp-content\/uploads\/2025\/02\/ANUNT-MASA-SANATOASA.pdf\">ANUN\u021a \u2013 privind achizi\u021bia de produse Masa cald\u0103 \u00een regim de catering \/ pachet alimentar prin Programul na\u021bional ,,Mas\u0103 s\u0103n\u0103toas\u0103\u201d<\/a><\/p>\n\n\n\n<p><a href=\"https:\/\/primaria-vaideeni.ro\/VAIDEENI\/wp-content\/uploads\/2025\/02\/LISTA.pdf\">Anun\u021b &#8211; List\u0103 proiecte primite \u00een cadrul apelului de fi\u0219e de proiecte pentru selectarea \u0219i prioritizarea proiectelor care pot fi finan\u021bate prin P.R.S.V. 2021-2027<\/a><\/p>\n\n\n\n<p><a href=\"https:\/\/primaria-vaideeni.ro\/VAIDEENI\/wp-content\/uploads\/2025\/01\/ANUNT2.pdf\">Anun\u021b &#8211; Lansare primul apel de fi\u0219e de proiect<\/a><\/p>\n\n\n\n<p><a href=\"https:\/\/primaria-vaideeni.ro\/VAIDEENI\/wp-content\/uploads\/2025\/01\/anunt.jpg\">Anun\u021b &#8211; colectare gunoi<\/a><\/p>\n\n\n\n<p><a href=\"https:\/\/primaria-vaideeni.ro\/VAIDEENI\/wp-content\/uploads\/2024\/11\/ANUNT1.pdf\">Anun\u021b &#8211; rezultate proba scris\u0103<\/a><\/p>\n\n\n\n<p><a href=\"https:\/\/primaria-vaideeni.ro\/VAIDEENI\/wp-content\/uploads\/2024\/11\/PV-SELECTIE.pdf\">Proces-verbal de selec\u021bie<\/a><\/p>\n\n\n\n<p><a href=\"https:\/\/primaria-vaideeni.ro\/VAIDEENI\/wp-content\/uploads\/2024\/11\/ANUNT.pdf\">Anun\u021b &#8211; privind organizarea examenului de promovare \u00een grad sau trepte profesionale<\/a><\/p>\n\n\n\n<p><a href=\"https:\/\/primaria-vaideeni.ro\/VAIDEENI\/wp-content\/uploads\/2024\/10\/Anunt-afisare-publica-OCPI_UAT_Vaideeni.pdf\">Anun\u021b prealabil privind afi\u0219area public\u0103 a documentelor tehnice ale cadastrului<\/a><\/p>\n\n\n\n<p><a href=\"https:\/\/primaria-vaideeni.ro\/VAIDEENI\/wp-content\/uploads\/2024\/10\/Anunt-de-intentie-18102024122216.pdf\">Anun\u021b de inten\u021bie<\/a><\/p>\n\n\n\n<p><a href=\"https:\/\/primaria-vaideeni.ro\/VAIDEENI\/wp-content\/uploads\/2025\/02\/ANUNT3.pdf\">ANUN\u021a &#8211; privind procesul de consultare public\u0103 pentru Strategia de dezvoltare turistic\u0103 a Comunei Vaideeni<\/a><\/p>\n\n\n\n<p><a href=\"https:\/\/primaria-vaideeni.ro\/VAIDEENI\/wp-content\/uploads\/2024\/08\/ANUNT3.pdf\">ANUNT-concurs pentru ocuparea functiei contractuale<\/a><\/p>\n\n\n\n<p><a href=\"https:\/\/primaria-vaideeni.ro\/VAIDEENI\/wp-content\/uploads\/2024\/07\/ANUNT1.pdf\">ANUN\u021a &#8211; concurs pentru ocuparea fuc\u021biei contractuale<\/a><\/p>\n\n\n\n<p><a href=\"https:\/\/primaria-vaideeni.ro\/VAIDEENI\/wp-content\/uploads\/2024\/07\/COMUNICAT-DE-PRESA-INCEPERE-PROIECT-CENTRU-DE-ZI.pdf\">COMUNICAT DE PRES\u0102 &#8211; UAT Comuna Vaideeni anun\u021b\u0103 semnarea contractului de finan\u021bare pentru proiectul \u201cCentrul de zi pentru copii afla\u0163i \u00een situa\u0163ie de risc de separare de p\u0103rin\u0163i \u00een comuna Vaideeni, jude\u021bul V\u00e2lcea<\/a><\/p>\n\n\n\n<p><a href=\"https:\/\/primaria-vaideeni.ro\/VAIDEENI\/wp-content\/uploads\/2024\/03\/PT-SITE.pdf\">ANUN\u021a &#8211; \u00cen aten\u021bia cet\u0103\u021benilor cu drept de vot ai UAT Vaideeni, jude\u021bul V\u00e2lcea<\/a><\/p>\n\n\n\n<p><a href=\"https:\/\/primaria-vaideeni.ro\/VAIDEENI\/wp-content\/uploads\/2024\/01\/ANUNT-DE-PARTICIPARE1.pdf\">ANUN\u021a &#8211; referitor la ,,Documente solicitate\u201d conform &#8211; Anun\u021b de participare<\/a><\/p>\n\n\n\n<p><a href=\"https:\/\/primaria-vaideeni.ro\/VAIDEENI\/wp-content\/uploads\/2024\/01\/ANUNT-DE-PARTICIPARE.pdf\">ANUN\u021a &#8211; privind achizi\u021bia de produse Masa cald\u0103 \u00een regim de catering \/ pachet alimentar prin Programul na\u021bional ,,Mas\u0103 s\u0103n\u0103toas\u0103\u201d<\/a><\/p>\n\n\n\n<p><a href=\"https:\/\/primaria-vaideeni.ro\/VAIDEENI\/wp-content\/uploads\/2024\/01\/ANUNT-PRIVIND-DESCHIDEREA-CONSULTARI-PUBLICE.pdf\">ANUN\u021a &#8212; privind deschiderea consult\u0103rii publice<\/a><\/p>\n\n\n\n<p><a href=\"https:\/\/primaria-vaideeni.ro\/VAIDEENI\/wp-content\/uploads\/2023\/10\/solicitare.pdf\">ANUN\u021a &#8211; SOLICITARE DE CLARIFICARE<\/a><\/p>\n\n\n\n<p><a href=\"https:\/\/primaria-vaideeni.ro\/VAIDEENI\/wp-content\/uploads\/2023\/10\/ANUNT-DE-PARTICIPARE.pdf\">ANUN\u021a DE PARTICIPARE &#8211; ACHIZI\u021aIE DE PRODUSE PENTRU PROGRAMUL PILOT CONFORM ORDONANTA 77 \/ 2023<\/a><\/p>\n\n\n\n<p><a href=\"https:\/\/primaria-vaideeni.ro\/VAIDEENI\/wp-content\/uploads\/2023\/10\/ANUNT-.pdf\">ANUN\u021a &#8211; privind decizia etapei de \u00eencadrare: Asfaltare str\u0103zi de interes local \/ Asfaltare DC 137 \u0219i DS B\u0103lu\u021barilor, comuna Vaideeni, jude\u021bul V\u00e2lcea<\/a><\/p>\n\n\n\n<p><a href=\"https:\/\/primaria-vaideeni.ro\/VAIDEENI\/wp-content\/uploads\/2023\/10\/ANUNT1.pdf\">ANUN\u021a &#8211; privind depunerea solicit\u0103rii de emitere a acordului de mediu<\/a><\/p>\n\n\n\n<p><a href=\"https:\/\/primaria-vaideeni.ro\/VAIDEENI\/wp-content\/uploads\/2023\/08\/COMUNICAT-DE-PRESA_PNNR_Dotari-scoli.pdf\">COMUNICAT DE PRESA PNNR Dot\u0103ri \u0219coli<\/a><\/p>\n\n\n\n<p><a href=\"https:\/\/primaria-vaideeni.ro\/VAIDEENI\/wp-content\/uploads\/2023\/06\/RAPORT-FINAL.pdf\">RAPORT FINAL AL EXAMENULUI DE PROMOVARE \u00ceN GRAD PROFESIUNAL IMEDIAT SUPERIOR CELUI DE\u021aINUT<\/a><\/p>\n\n\n\n<p><a href=\"https:\/\/primaria-vaideeni.ro\/VAIDEENI\/wp-content\/uploads\/2023\/06\/INTERVIU.pdf\">ANUN\u021a &#8211; PRIVIND REZULTATELE OB\u021aINUTE LA PROBA INTERVIU<\/a><\/p>\n\n\n\n<p><a href=\"https:\/\/primaria-vaideeni.ro\/VAIDEENI\/wp-content\/uploads\/2023\/06\/ANUNT-PROBA-SCRISA.pdf\">ANUN\u021a &#8211; Rezultate Proba scris\u0103<\/a><\/p>\n\n\n\n<p><a href=\"https:\/\/primaria-vaideeni.ro\/VAIDEENI\/wp-content\/uploads\/2023\/06\/PV-SELECTIE-DOSARE.pdf\">Proces &#8211; verbal selec\u021bie dosa<\/a>r<\/p>\n\n\n\n<p><a href=\"https:\/\/primaria-vaideeni.ro\/VAIDEENI\/wp-content\/uploads\/2023\/06\/PV.pdf\">Proces &#8211; verbal selec\u021bie dosar<\/a><\/p>\n\n\n\n<p><a href=\"https:\/\/primaria-vaideeni.ro\/VAIDEENI\/wp-content\/uploads\/2023\/06\/Responsabilitate-sociala_poster.pdf\">COLECTARE SEPARAT\u0102 pentru comuna ta CURAT\u0102<\/a><\/p>\n\n\n\n<p><a href=\"https:\/\/primaria-vaideeni.ro\/VAIDEENI\/wp-content\/uploads\/2023\/06\/ANUNT-2.pdf\">Anun\u021b de promovare \u00een treapt\u0103 profesional\u0103 imediat superioar\u0103 a personalului contractual din cadrul Prim\u0103riei comunei Vaideeni<\/a><\/p>\n\n\n\n<p><a href=\"https:\/\/primaria-vaideeni.ro\/VAIDEENI\/wp-content\/uploads\/2023\/06\/ANUNT.pdf\">Anun\u021b de promovare \u00een treapt\u0103 profesional\u0103 imediat superioar\u0103 a personalului contractual din cadrul Prim\u0103riei Comunei Vaideeni<\/a><\/p>\n\n\n\n<p><br><a href=\"https:\/\/primaria-vaideeni.ro\/VAIDEENI\/wp-content\/uploads\/2023\/02\/Comunicat-de-presa-infrastructura-ITS-TIC.pdf\">Lansare proiect: \u201eAsigurarea infrastructurii pentru transportul verde \u2013 ITS\/alte infrastructuri TIC (sisteme inteligente de management urban\/local), comuna Vaideeni, Judetul Valcea<\/a><\/p>\n\n\n\n<p><a href=\"https:\/\/primaria-vaideeni.ro\/VAIDEENI\/wp-content\/uploads\/2023\/02\/anunt-alarmare1.jpg\">Exerci\u021biu de alarmare public\u0103<\/a><\/p>\n\n\n\n<p><a href=\"https:\/\/primaria-vaideeni.ro\/VAIDEENI\/wp-content\/uploads\/2023\/02\/2023-02-17-Comunicat-de-presa.pdf\">Lansare proiect: Reabilitare moderat\u0103 Centru integrat pentru dezvoltarea economiei locale \u0219i pentru tranzi\u021bia c\u0103tre economia verde, Comuna Vaideeni<\/a><\/p>\n\n\n\n<p><a href=\"https:\/\/primaria-vaideeni.ro\/VAIDEENI\/wp-content\/uploads\/2023\/02\/Informatii_site-prefecturi_primarii.pdf\">Materialele puse la dispozi\u021bie de Ministerul Mediului, Apelor \u0219i P\u0103durilor \u0219i RetuRO (compania de\u021bin\u0103toare a licen\u021bei de operare a SGR)<\/a><\/p>\n\n\n\n<p><a href=\"https:\/\/primaria-vaideeni.ro\/VAIDEENI\/wp-content\/uploads\/2023\/02\/Anunt-inscriere-RA.pdf\">Anun\u021b &#8211; declarare date pentru \u00eenscrierea \u00een registrul agricol<\/a><\/p>\n\n\n\n<p><a href=\"https:\/\/primaria-vaideeni.ro\/VAIDEENI\/wp-content\/uploads\/2022\/12\/completare-anunt.pdf\">Completare la: anun\u021b de participare &#8211; Achizi\u021bie de produse pentru Program pilot conform Ordonan\u021b\u0103 105\/2022<\/a><\/p>\n\n\n\n<p><a href=\"https:\/\/primaria-vaideeni.ro\/VAIDEENI\/wp-content\/uploads\/2022\/11\/ANUNT-DE-PARTICIPARE.pdf\">Anun\u021b de participare &#8211; Achizi\u021bie de produse pentru Program pilot conform Ordonan\u021b\u0103 105\/2022<\/a><\/p>\n\n\n\n<p><a href=\"https:\/\/primaria-vaideeni.ro\/VAIDEENI\/wp-content\/uploads\/2022\/11\/anunt.pdf\">Anun\u021b &#8211; Achizi\u021bia de produse \u0219i echipamente de protec\u021bie \u00een cadrul unit\u0103\u021bilor de \u00eenv\u0103\u021b\u0103m\u00e2nt preuniversitar de stat din UAT Comuna Vaideeni<\/a><\/p>\n\n\n\n<p><a href=\"https:\/\/primaria-vaideeni.ro\/VAIDEENI\/wp-content\/uploads\/2022\/09\/INFORMARE.pdf\">MAR\u021aI 13<\/a> &#8211; <a href=\"https:\/\/primaria-vaideeni.ro\/VAIDEENI\/wp-content\/uploads\/2022\/09\/INFORMARE.pdf\">Ziua Inform\u0103rii Preventive<\/a><\/p>\n\n\n\n<p><a href=\"https:\/\/primaria-vaideeni.ro\/VAIDEENI\/wp-content\/uploads\/2022\/08\/anunt-concurs1.pdf\">Rezultate concurs &#8211; consilier juridic<\/a><\/p>\n\n\n\n<p><a href=\"https:\/\/primaria-vaideeni.ro\/VAIDEENI\/wp-content\/uploads\/2022\/07\/ANUNT-SELECTIE-DOSARE.pdf\">Anun\u021b selec\u021bie dosare &#8211; consilier juridic<\/a><\/p>\n\n\n\n<p><a href=\"https:\/\/primaria-vaideeni.ro\/VAIDEENI\/wp-content\/uploads\/2022\/07\/anunt-concurs.pdf\">Anun\u021b concurs &#8211; consilier juridic<\/a><\/p>\n\n\n\n<p><a href=\"https:\/\/primaria-vaideeni.ro\/VAIDEENI\/wp-content\/uploads\/2022\/06\/rezultate-finale-asistent-medical-comunitar.pdf\">Rezultate finale concurs asistent medical comunitar<\/a><\/p>\n\n\n\n<p><a href=\"https:\/\/primaria-vaideeni.ro\/VAIDEENI\/wp-content\/uploads\/2022\/06\/Rezultate-finale-mediator-sanitar.pdf\">Rezultate finale concurs mediator sanitar<\/a><\/p>\n\n\n\n<p><a href=\"https:\/\/primaria-vaideeni.ro\/VAIDEENI\/wp-content\/uploads\/2022\/06\/rezultate-proba-scrisa-asistent-medical.pdf\">Rezultate proba scris\u0103 asistent medical comunitar<\/a><\/p>\n\n\n\n<p><a href=\"https:\/\/primaria-vaideeni.ro\/VAIDEENI\/wp-content\/uploads\/2022\/06\/rezultate-proba-scrisa-mediator-sanitar.pdf\">Rezultate proba scrisa mediator sanitar<\/a><\/p>\n\n\n\n<p><a href=\"https:\/\/primaria-vaideeni.ro\/VAIDEENI\/wp-content\/uploads\/2022\/06\/anunt-2.pdf\">Rezultate finale concurs  Muncitor calificat II &#8211; cantonier<\/a><\/p>\n\n\n\n<p><a href=\"https:\/\/primaria-vaideeni.ro\/VAIDEENI\/wp-content\/uploads\/2022\/06\/rezultat-concurs.pdf\">Rezultate finale concurs inspector debutant<\/a><\/p>\n\n\n\n<p><a href=\"https:\/\/primaria-vaideeni.ro\/VAIDEENI\/wp-content\/uploads\/2022\/06\/anunt-1.pdf\">Rezultate proba scris\u0103 concurs muncitor calificat II &#8211; canto<\/a><a href=\"https:\/\/primaria-vaideeni.ro\/VAIDEENI\/wp-content\/uploads\/2022\/06\/REZULTATE-PROBA-SCRISA.pdf\">nier<\/a><\/p>\n\n\n\n<p><a href=\"https:\/\/primaria-vaideeni.ro\/VAIDEENI\/wp-content\/uploads\/2022\/06\/PV-PREZENTA.pdf\">Proces &#8211; verbal prezen\u021b\u0103 concurs muncitor calificat II &#8211; cantonier<\/a><\/p>\n\n\n\n<p><a href=\"https:\/\/primaria-vaideeni.ro\/VAIDEENI\/wp-content\/uploads\/2022\/06\/Proces-verbal-selectie.pdf\">Proces &#8211; verbal  selec\u021bie dosare: mediator sanitar, asistent medical comunitar<\/a><\/p>\n\n\n\n<p><a href=\"https:\/\/primaria-vaideeni.ro\/VAIDEENI\/wp-content\/uploads\/2022\/06\/documentatie-PUZ.pdf\">Documenta\u021bie informare public PUZ &#8211; Handolescu Andrei<\/a><\/p>\n\n\n\n<p><a href=\"https:\/\/primaria-vaideeni.ro\/VAIDEENI\/wp-content\/uploads\/2022\/06\/pv-selectie-dosare.pdf\">Proces &#8211; verbal selec\u021bie dosare concurs &#8211; inspector debutant<\/a><\/p>\n\n\n\n<p><a href=\"https:\/\/primaria-vaideeni.ro\/VAIDEENI\/wp-content\/uploads\/2022\/06\/PV-SELECTIE-DOS.pdf\">Proces &#8211; verbal selec\u021bie dosare concurs &#8211; muncitor calificat II &#8211; cantonier<\/a><\/p>\n\n\n\n<p><a href=\"https:\/\/primaria-vaideeni.ro\/VAIDEENI\/wp-content\/uploads\/2022\/06\/anunt.pdf\">Anun\u021b &#8211; informare <\/a><\/p>\n\n\n\n<p><a href=\"https:\/\/primaria-vaideeni.ro\/VAIDEENI\/wp-content\/uploads\/2022\/06\/concurs-as.-med..pdf\">Anun\u021b &#8211; concurs pentru ocuparea func\u021biei contractuale vacante de : Asistent medical comunitar \u0219i mediator sanitar<\/a><\/p>\n\n\n\n<p><a href=\"https:\/\/primaria-vaideeni.ro\/VAIDEENI\/wp-content\/uploads\/2022\/05\/ANUNT-CONCURS.pdf\">Anun\u021b &#8211; concurs pentru ocuparea func\u021biei contractuale vacante<\/a><\/p>\n\n\n\n<p><a href=\"https:\/\/primaria-vaideeni.ro\/VAIDEENI\/wp-content\/uploads\/2022\/04\/anunt-1.pdf\">Anun\u021b &#8211; amenajament fond forestier<\/a><\/p>\n\n\n\n<p><a href=\"https:\/\/primaria-vaideeni.ro\/VAIDEENI\/wp-content\/uploads\/2022\/04\/anunt.pdf\">Anun\u021b &#8211; \u00eenchiriere p\u0103\u0219uni<\/a><\/p>\n\n\n\n<p><a href=\"https:\/\/primaria-vaideeni.ro\/VAIDEENI\/wp-content\/uploads\/2022\/03\/anunt1.pdf\">Anun\u021b de inten\u021bie<\/a> &#8211; lucr\u0103ri<\/p>\n\n\n\n<p><a href=\"https:\/\/primaria-vaideeni.ro\/VAIDEENI\/wp-content\/uploads\/2022\/03\/declaratie-salubritate.pdf\">Model declara\u021bie salubritate<\/a><\/p>\n\n\n\n<p><a href=\"https:\/\/primaria-vaideeni.ro\/VAIDEENI\/wp-content\/uploads\/2022\/02\/Anunt-de-intentie.pdf\">Anun\u021b de inten\u021bie<\/a> : <a href=\"https:\/\/primaria-vaideeni.ro\/VAIDEENI\/wp-content\/uploads\/2022\/02\/Declaratii.pdf\">declara\u021bi<\/a>e ; <a href=\"https:\/\/primaria-vaideeni.ro\/VAIDEENI\/wp-content\/uploads\/2022\/02\/Caiet-de-sarcini.pdf\">caiet de sarcini<\/a> ; <a href=\"https:\/\/primaria-vaideeni.ro\/VAIDEENI\/wp-content\/uploads\/2022\/02\/Draft-Contract-Servicii.pdf\">contract<\/a><\/p>\n\n\n\n<p><a href=\"https:\/\/primaria-vaideeni.ro\/VAIDEENI\/wp-content\/uploads\/2022\/01\/anunt.pdf\">Anun\u021b privind decizia etapei de \u00eencadrare de c\u0103tre APM V\u00e2lcea<\/a><\/p>\n\n\n\n<p> <a href=\"https:\/\/primaria-vaideeni.ro\/VAIDEENI\/wp-content\/uploads\/2021\/12\/concurs-referent.pdf\">Anun\u021b rezultate concurs referent \u00een cadrul Biroului proiecte \u0219i achizi\u021bii <\/a><\/p>\n\n\n\n<p><a href=\"https:\/\/primaria-vaideeni.ro\/VAIDEENI\/wp-content\/uploads\/2021\/12\/concurs-inspector-debutant.pdf\">Anun\u021b rezultate concurs inspector debutant \u00een cadrul Biroului proiecte \u0219i achizi\u021bii<\/a><\/p>\n\n\n\n<p><a href=\"https:\/\/primaria-vaideeni.ro\/VAIDEENI\/wp-content\/uploads\/2021\/12\/ANUNT-CONCURS.pdf\">Proces &#8211; verbal rezultat concurs consilier gradul I A<\/a><\/p>\n\n\n\n<p><a href=\"https:\/\/primaria-vaideeni.ro\/VAIDEENI\/wp-content\/uploads\/2021\/12\/pv-de-selectie1.pdf\">Proces-verbal selec\u021bie dosare concurs &#8211; consilier \u00een cadrul Biroului contabilitate, taxe \u0219i impozite \u0219i execut\u0103ri silite <\/a><\/p>\n\n\n\n<p><a href=\"https:\/\/primaria-vaideeni.ro\/VAIDEENI\/wp-content\/uploads\/2021\/12\/pv-selectie-dosare2.pdf\">Proces-verbal selec\u021bie dosare concurs &#8211; referent \u00een cadrul Biroului proiecte \u0219i achizi\u021bii<\/a><\/p>\n\n\n\n<p><a href=\"https:\/\/primaria-vaideeni.ro\/VAIDEENI\/wp-content\/uploads\/2021\/12\/pv-selectie-dosar3.pdf\">Proces-Verbal selec\u021bie dosare concurs &#8211; inspector debutant \u00een cadrul Biroului proiecte \u0219i achizi\u021bii<\/a><\/p>\n\n\n\n<p><a href=\"https:\/\/primaria-vaideeni.ro\/VAIDEENI\/wp-content\/uploads\/2021\/11\/anunt-concurs.pdf\">Anun\u021b concurs<\/a><\/p>\n\n\n\n<p><a href=\"https:\/\/primaria-vaideeni.ro\/VAIDEENI\/wp-content\/uploads\/2021\/11\/ANUNT-CONCURS-CONSILIER.pdf\">Anun\u021b concurs<\/a><\/p>\n\n\n\n<p><a href=\"https:\/\/primaria-vaideeni.ro\/VAIDEENI\/wp-content\/uploads\/2021\/11\/anunt.pdf\">Anun\u021b rezultate concurs &#8211; inspector<\/a><\/p>\n\n\n\n<p><a href=\"https:\/\/primaria-vaideeni.ro\/VAIDEENI\/wp-content\/uploads\/2021\/11\/anunt-selectie-dosare.pdf\">Proces-verbal selec\u021bie dosare concurs &#8211; inspector \u00een cadrul Biroului proiecte \u0219i achizi\u021bii publice<\/a><\/p>\n\n\n\n<p>Anun\u021b rezultate concurs &#8211;  <a href=\"https:\/\/primaria-vaideeni.ro\/VAIDEENI\/wp-content\/uploads\/2021\/11\/rezultate-concurs-2.pdf\">Referent<\/a><\/p>\n\n\n\n<p>Anun\u021b rezultate concurs &#8211; M<a href=\"https:\/\/primaria-vaideeni.ro\/VAIDEENI\/wp-content\/uploads\/2021\/11\/rezultate-concurs.pdf\">uncitor calificat &#8211; cantonier<\/a><\/p>\n\n\n\n<p><a href=\"https:\/\/primaria-vaideeni.ro\/VAIDEENI\/wp-content\/uploads\/2021\/11\/anunt-selectie-dosare-cantonier.pdf\">Proces-verbal selec\u021bie dosare concurs &#8211; cantonier \u00een cadrul compartimentului administrati<\/a>v<\/p>\n\n\n\n<p><a href=\"https:\/\/primaria-vaideeni.ro\/VAIDEENI\/wp-content\/uploads\/2021\/11\/anunt-selectie-dosare-Centru-info.pdf\">Proces-verbal secec\u021bie dosare concurs &#8211; referent &#8211; Centru de <\/a>Informare Turistic\u0103<a href=\"https:\/\/primaria-vaideeni.ro\/VAIDEENI\/wp-content\/uploads\/2021\/11\/anunt-selectie-dosare-Centru-info.pdf\"> <\/a><\/p>\n\n\n\n<p><a href=\"https:\/\/primaria-vaideeni.ro\/VAIDEENI\/wp-content\/uploads\/2021\/10\/anunt-1.pdf\">Anun\u021b concurs<\/a><\/p>\n\n\n\n<p>Materiale \/ informa\u021bii utile &#8211; ajutor pentru \u00eenc\u0103lzire \/ supliment pentru energie \/ m\u0103sur\u0103 de compensare &#8211;<a href=\"https:\/\/primaria-vaideeni.ro\/VAIDEENI\/wp-content\/uploads\/2021\/10\/Pliant-.pdf\"> PLIANT<\/a> \/ <a href=\"https:\/\/primaria-vaideeni.ro\/VAIDEENI\/wp-content\/uploads\/2021\/10\/INFORMATII.pdf\">INFORMA\u021aII<\/a><\/p>\n\n\n\n<p><a href=\"https:\/\/primaria-vaideeni.ro\/VAIDEENI\/wp-content\/uploads\/2021\/10\/LMV-20..10.2021-26.10.2021.pdf\">Locuri de munc\u0103 vacante s\u0103pt\u0103m\u00e2na 20-26.10.2021<\/a><\/p>\n\n\n\n<p><a href=\"https:\/\/primaria-vaideeni.ro\/VAIDEENI\/wp-content\/uploads\/2021\/10\/anunt1.pdf\">Anun\u021b concurs<\/a><\/p>\n\n\n\n<p><a href=\"https:\/\/primaria-vaideeni.ro\/VAIDEENI\/wp-content\/uploads\/2021\/10\/ENERGIE_PLIANT_4_FOLD_OCTOMBRIE_v3.pdf\">Bro\u0219ur\u0103 de informare pentru consumatorii vulnerabili<\/a><\/p>\n\n\n\n<p><a href=\"https:\/\/primaria-vaideeni.ro\/VAIDEENI\/wp-content\/uploads\/2021\/10\/LMV-13..10.2021-19.10.2021.pdf\">Locuri de munc\u0103 vacante s\u0103pt\u0103m\u00e2na 13-19.10.2021<\/a><\/p>\n\n\n\n<p><a href=\"https:\/\/primaria-vaideeni.ro\/VAIDEENI\/wp-content\/uploads\/2021\/10\/FLYER-Preveniti-incendiile-generate-de-mijloacele-de-incalzire.pdf\">Prevenirea incendiilor generate de mijloacele de \u00eenc\u0103lzire !<\/a><\/p>\n\n\n\n<p><a href=\"https:\/\/primaria-vaideeni.ro\/VAIDEENI\/wp-content\/uploads\/2021\/09\/anunt-cez.pdf\">Anun\u021b \u00eentreruperea furniz\u0103rii energiei electrice<\/a><\/p>\n\n\n\n<p><a href=\"https:\/\/primaria-vaideeni.ro\/VAIDEENI\/wp-content\/uploads\/2021\/09\/LMV-22.09.2021-28.09.2021.pdf\">Locuri de munc\u0103 vacante s\u0103pt\u0103m\u00e2na 22-28.09.2021<\/a><\/p>\n\n\n\n<p><a href=\"https:\/\/primaria-vaideeni.ro\/VAIDEENI\/wp-content\/uploads\/2021\/09\/anunt-CEZ.jpg\">Anun\u021b \u00eentreruperea furniz\u0103rii energiei electrice<\/a><\/p>\n\n\n\n<p><a href=\"https:\/\/primaria-vaideeni.ro\/VAIDEENI\/wp-content\/uploads\/2021\/09\/LMV-08.09.2021-14.09.2021-2.pdf\">Locuri de munc\u0103 vacante s\u0103pt\u0103m\u00e2na 08-14.09.2021<\/a><\/p>\n\n\n\n<p><a href=\"https:\/\/primaria-vaideeni.ro\/VAIDEENI\/wp-content\/uploads\/2021\/09\/LMV-08.09.2021-14.09.2021-2.pdf\">Locuri de munc\u0103 vacante s\u0103pt\u0103m\u00e2na 01-07.09.2021<\/a><\/p>\n\n\n\n<p><a href=\"https:\/\/primaria-vaideeni.ro\/VAIDEENI\/wp-content\/uploads\/2021\/08\/ANUNT-CEZ.pdf\">Anun\u021b \u00eentreruperea furniz\u0103rii energiei electrice<\/a><\/p>\n\n\n\n<p><a href=\"https:\/\/primaria-vaideeni.ro\/VAIDEENI\/wp-content\/uploads\/2021\/08\/Anunt.pdf\">Verificare tehnic\u0103 utilaje agricole<\/a><\/p>\n\n\n\n<p><a href=\"https:\/\/primaria-vaideeni.ro\/VAIDEENI\/wp-content\/uploads\/2021\/08\/Anexa-nr-.-1-la-Adresa-304857-din-30.07.2021.pdf\">M\u0103suri de prevenire pentru perioadele caniculare &#8211; Popula\u021bie<\/a><\/p>\n\n\n\n<p><a href=\"https:\/\/primaria-vaideeni.ro\/VAIDEENI\/wp-content\/uploads\/2021\/08\/Anexa-nr-.-2-la-Adresa-304857-din-30.07.2021.pdf\">M\u0103suri de prevenire pentru perioadele caniculare &#8211; Prevenirea Incendiilor<\/a><\/p>\n\n\n<a href=\"https:\/\/primaria-vaideeni.ro\/VAIDEENI\/wp-content\/uploads\/2025\/06\/pv-selectie.pdf\" class=\"pdfemb-viewer\" style=\"width:1000px;height:800px;\" data-width=\"1000\" data-height=\"800\" data-toolbar=\"bottom\" data-toolbar-fixed=\"off\">pv-selectie<\/a>\n\n<!-- PDF Embedder: Please provide an \"URL\" attribute in your shortcode. -->\n\n<!-- PDF Embedder: Please provide an \"URL\" attribute in your shortcode. -->\n\n<a href=\"https:\/\/primaria-vaideeni.ro\/VAIDEENI\/wp-content\/uploads\/2024\/08\/selectie.pdf\" class=\"pdfemb-viewer\" style=\"width:1000px;height:800px;\" data-width=\"1000\" data-height=\"800\" data-toolbar=\"bottom\" data-toolbar-fixed=\"off\">selectie<\/a>","protected":false},"excerpt":{"rendered":"<p>Anun\u021b privind \u00eenceperea execut\u0103rii lucr\u0103rilor \u0219i modul de calcul al indemniza\u021biilor \u0219i desp\u0103gubirilor pentru terenurile afectate de lucr\u0103rile de execu\u021bie la Proiectul de Importan\u021b\u0103 Na\u021bional\u0103 \u201dConducta de transport gaze naturale Tetila-Horezu-R\u00e2mnicu V\u00e2lcea\u201d https:\/\/primaria-vaideeni.ro\/VAIDEENI\/wp-content\/uploads\/2026\/02\/ANUNT-1.pdf LISTA &#8211; proiecte primite \u00een cadrul Apelului 2 de fi\u0219e de proiecte Rezultat final &#8211; Tehnician \u00een asisten\u021b\u0103 social\u0103 Rezultat proba scris\u0103 &hellip; <\/p>\n<p class=\"link-more\"><a href=\"https:\/\/primaria-vaideeni.ro\/VAIDEENI\/anunturi\/\" class=\"more-link\">Continue reading<span class=\"screen-reader-text\"> &#8220;ANUN\u021aURI&#8221;<\/span><\/a><\/p>\n","protected":false},"author":1,"featured_media":0,"parent":0,"menu_order":0,"comment_status":"closed","ping_status":"closed","template":"","meta":{"footnotes":""},"class_list":["post-2556","page","type-page","status-publish","hentry"],"_links":{"self":[{"href":"https:\/\/primaria-vaideeni.ro\/VAIDEENI\/wp-json\/wp\/v2\/pages\/2556","targetHints":{"allow":["GET"]}}],"collection":[{"href":"https:\/\/primaria-vaideeni.ro\/VAIDEENI\/wp-json\/wp\/v2\/pages"}],"about":[{"href":"https:\/\/primaria-vaideeni.ro\/VAIDEENI\/wp-json\/wp\/v2\/types\/page"}],"author":[{"embeddable":true,"href":"https:\/\/primaria-vaideeni.ro\/VAIDEENI\/wp-json\/wp\/v2\/users\/1"}],"replies":[{"embeddable":true,"href":"https:\/\/primaria-vaideeni.ro\/VAIDEENI\/wp-json\/wp\/v2\/comments?post=2556"}],"version-history":[{"count":117,"href":"https:\/\/primaria-vaideeni.ro\/VAIDEENI\/wp-json\/wp\/v2\/pages\/2556\/revisions"}],"predecessor-version":[{"id":3852,"href":"https:\/\/primaria-vaideeni.ro\/VAIDEENI\/wp-json\/wp\/v2\/pages\/2556\/revisions\/3852"}],"wp:attachment":[{"href":"https:\/\/primaria-vaideeni.ro\/VAIDEENI\/wp-json\/wp\/v2\/media?parent=2556"}],"curies":[{"name":"wp","href":"https:\/\/api.w.org\/{rel}","templated":true}]}}