{"id":458,"date":"2017-10-04T13:00:10","date_gmt":"2017-10-04T13:00:10","guid":{"rendered":"https:\/\/primaria-vaideeni.ro\/VAIDEENI\/?page_id=458"},"modified":"2018-03-27T10:40:41","modified_gmt":"2018-03-27T10:40:41","slug":"2017-2","status":"publish","type":"page","link":"https:\/\/primaria-vaideeni.ro\/VAIDEENI\/consiliu-local\/hotarari\/2017-2\/","title":{"rendered":"2017"},"content":{"rendered":"<p>&nbsp;<\/p>\n<p>&nbsp;<\/p>\n<p>&nbsp;<\/p>\n<table border=\"1\" cellspacing=\"1\" cellpadding=\"1\">\n<thead>\n<tr>\n<th style=\"text-align: center;\" scope=\"col\">DATA<\/th>\n<th style=\"text-align: center;\" scope=\"col\">NR. DOCUMENT<\/th>\n<th style=\"text-align: center;\" scope=\"col\">CONTINUT<\/th>\n<\/tr>\n<tr>\n<td class=\"rtecenter\" style=\"text-align: center;\" rowspan=\"2\">10.01.2017<\/td>\n<td class=\"rtecenter\" style=\"text-align: center;\"><a href=\"https:\/\/primaria-vaideeni.ro\/VAIDEENI\/wp-content\/uploads\/2018\/03\/hcl1-2017.pdf\">HCL 1<\/a><\/td>\n<td class=\"rtecenter\" style=\"text-align: center;\">Aprobarea deficitului bugetar pentru anul 2017 -sec\u021biunea dezvoltare<\/td>\n<\/tr>\n<tr>\n<td class=\"rtecenter\" style=\"text-align: center;\"><a href=\"https:\/\/primaria-vaideeni.ro\/VAIDEENI\/wp-content\/uploads\/2018\/03\/hcl2-2017.pdf\">HCL 2<\/a><\/td>\n<td class=\"rtecenter\" style=\"text-align: center;\">\u00cemputernicirea primarului s\u0103 semneze radierea unor numere cadastrale \u00een fa\u021ba notarului public<\/td>\n<\/tr>\n<tr>\n<td class=\"rtecenter\" style=\"text-align: center;\" rowspan=\"3\">18.01.2017<\/td>\n<td class=\"rtecenter\" style=\"text-align: center;\"><a href=\"https:\/\/primaria-vaideeni.ro\/VAIDEENI\/wp-content\/uploads\/2018\/03\/hcl3-2017.pdf\">HCL 3<\/a><\/td>\n<td class=\"rtecenter\" style=\"text-align: center;\">Desemnarea reprezentan\u021bilor Consiliului Local al Comunei Vaideeni \u00een Consiliul de Administra\u021bie al \u0218colii gimnaziale Vaideeni<\/td>\n<\/tr>\n<tr>\n<td class=\"rtecenter\" style=\"text-align: center;\"><a href=\"https:\/\/primaria-vaideeni.ro\/VAIDEENI\/wp-content\/uploads\/2018\/03\/hcl4-2017.pdf\">HCL 4<\/a><\/td>\n<td class=\"rtecenter\" style=\"text-align: center;\">Modificarea anexei la HCL nr. 18 din 27.08.1999 privind domeniul public al comunei Vaideeni cu modific\u0103rile \u0219i complet\u0103rile ulterioare<\/td>\n<\/tr>\n<tr>\n<td class=\"rtecenter\" style=\"text-align: center;\"><a href=\"https:\/\/primaria-vaideeni.ro\/VAIDEENI\/wp-content\/uploads\/2018\/03\/hcl4-2017.pdf\">HCL 5<\/a><\/td>\n<td class=\"rtecenter\" style=\"text-align: center;\">Aprobarea excendetului de buget pe anul 2017<\/td>\n<\/tr>\n<tr>\n<td class=\"rtecenter\" style=\"text-align: center;\" rowspan=\"3\">\u00a014.02.2018<\/td>\n<td class=\"rtecenter\" style=\"text-align: center;\"><a href=\"https:\/\/primaria-vaideeni.ro\/VAIDEENI\/wp-content\/uploads\/2018\/03\/hcl6-2017.pdf\">\u00a0HCL 6<\/a><\/td>\n<td class=\"rtecenter\" style=\"text-align: center;\">Aprobarea D.A.L.I.- Devizului General al Investi\u021biei\u00a0 \u0219i Indicatorii tehnico &#8211; economici pentru obiectivul de investi\u021bie REPARA\u021aII AMENAJARE TORENT VALEA PLAIULUI SITUAT \u00ceN SATUL VAIDEENI, COMUNA VAIDEENI, JUDE\u021aUL V\u00c2LCEA, etapa I \u0219i etapa II<\/td>\n<\/tr>\n<tr>\n<td class=\"rtecenter\" style=\"text-align: center;\"><a href=\"https:\/\/primaria-vaideeni.ro\/VAIDEENI\/wp-content\/uploads\/2018\/03\/hcl7-2017.pdf\">HCL 7<\/a><\/td>\n<td class=\"rtecenter\" style=\"text-align: center;\">Aprobarea Proiectului Tehnic \u0219i indicatorilor tehnico-economici pentru obiectivul\u00a0 \u201eConsolidare maluri p\u00e2r\u00e2u Luncav\u0103\u021b, zona Baboiu, c\u0103tunul At\u00e2rna\u021bi, prin executare de gabioane\u201d<\/td>\n<\/tr>\n<tr>\n<td class=\"rtecenter\" style=\"text-align: center;\"><a href=\"https:\/\/primaria-vaideeni.ro\/VAIDEENI\/wp-content\/uploads\/2018\/03\/hcl8-2017.pdf\">\u00a0HCL 8<\/a><\/td>\n<td class=\"rtecenter\" style=\"text-align: center;\">Aprobarea indicatorilor tehnico-economici pentru obiectivul\u00a0 \u00a0de investi\u021bii \u201eModernizare drumuri de interes local, comuna Vaideeni, jude\u021bul V\u00e2lcea\u201d<\/td>\n<\/tr>\n<tr>\n<td class=\"rtecenter\" style=\"text-align: center;\" rowspan=\"3\"><\/td>\n<td class=\"rtecenter\" style=\"text-align: center;\"><a href=\"https:\/\/primaria-vaideeni.ro\/VAIDEENI\/wp-content\/uploads\/2018\/03\/hcl9-2017.pdf\">\u00a0HCL 9<\/a><\/td>\n<td class=\"rtecenter\" style=\"text-align: center;\">Aprobarea Devizului General al investi\u021biei \u0219i indicatorilor tehnico-economici pentru obiectivul Remediere alunecare teren \u00een punctul La Dumitrescu<\/td>\n<\/tr>\n<tr>\n<td class=\"rtecenter\" style=\"text-align: center;\"><a href=\"https:\/\/primaria-vaideeni.ro\/VAIDEENI\/wp-content\/uploads\/2018\/03\/hcl10-2017.pdf\">\u00a0HCL 10<\/a><\/td>\n<td class=\"rtecenter\" style=\"text-align: center;\">Modificarea HCL nr. 17 din 18.07.2016 referitoare la aprobarea studiului de fezabilitate \u0219i a indicatorilor tehnico-economici pentru obiectivul de investi\u021bii \u201eReabilitarea re\u021bea de distribu\u021bie ap\u0103 potabil\u0103 \u00een comuna Vaideeni (satele Vaideeni \u0219i Izvoru Rece)\u201d, jude\u021bul V\u00e2lcea.<\/td>\n<\/tr>\n<tr>\n<td class=\"rtecenter\" style=\"text-align: center;\"><\/td>\n<td class=\"rtecenter\" style=\"text-align: center;\"><\/td>\n<\/tr>\n<tr>\n<td class=\"rtecenter\" style=\"text-align: center;\" rowspan=\"24\">28.02.2017<\/td>\n<td class=\"rtecenter\" style=\"text-align: center;\"><a href=\"https:\/\/primaria-vaideeni.ro\/VAIDEENI\/wp-content\/uploads\/2018\/03\/hcl11-2017.pdf\">HCL 11<\/a><\/td>\n<td class=\"rtecenter\" style=\"text-align: center;\">Aprobarea programului de lucr\u0103ri pe anul 2017 pentru persoanele beneficiare ale Legii 416\/2001<\/td>\n<\/tr>\n<tr>\n<td class=\"rtecenter\" style=\"text-align: center;\"><a href=\"https:\/\/primaria-vaideeni.ro\/VAIDEENI\/wp-content\/uploads\/2018\/03\/hcl12-2017.pdf\">HCL 12<\/a><\/td>\n<td class=\"rtecenter\" style=\"text-align: center;\">Aprobarea Strategiei de Dezvoltare a Serviciilor Sociale din comuna Vaideeni , jude\u021bul V\u00e2lcea\u00a0 2017-2022<\/td>\n<\/tr>\n<tr>\n<td class=\"rtecenter\" style=\"text-align: center;\"><a href=\"https:\/\/primaria-vaideeni.ro\/VAIDEENI\/wp-content\/uploads\/2018\/03\/hcl13-2017.pdf\">HCL 13\u00a0<\/a><\/td>\n<td class=\"rtecenter\" style=\"text-align: center;\">Achizi\u021bionarea serviciilor juridice\u00a0 de consultan\u021b\u0103, asisten\u021b\u0103 \u0219i reprezentare.<\/td>\n<\/tr>\n<tr>\n<td class=\"rtecenter\" style=\"text-align: center;\"><a href=\"https:\/\/primaria-vaideeni.ro\/VAIDEENI\/wp-content\/uploads\/2018\/03\/hcl14-2017.pdf\">\u00a0HCL 14<\/a><\/td>\n<td class=\"rtecenter\" style=\"text-align: center;\">Transformarea unei func\u021bii publice vacante de execu\u021bie din referent , grad profesional superior din cadrul biroului Financiar contabil, salarizare \u00een consilier, grad profesional principal<\/td>\n<\/tr>\n<tr>\n<td class=\"rtecenter\" style=\"text-align: center;\"><a href=\"https:\/\/primaria-vaideeni.ro\/VAIDEENI\/wp-content\/uploads\/2018\/03\/hcl15-2017.pdf\">HCL 15<\/a><\/td>\n<td class=\"rtecenter\" style=\"text-align: center;\">Aprobarea necesit\u0103\u021bii \u0219i oportunit\u0103\u021bii realiz\u0103rii unor lucr\u0103ri de reabilitare \u0219i modernizare drumuri \/ sectoare de drum de interes local din comuna Vaideeni , sat Mari\u021ba -Dealul Mari\u021bei, apa\u00a0 Mari\u021bei I \u0219i II, Drumul T\u00e2rgului \u0219i drumul Bisericii<\/td>\n<\/tr>\n<tr>\n<td class=\"rtecenter\" style=\"text-align: center;\"><a href=\"https:\/\/primaria-vaideeni.ro\/VAIDEENI\/wp-content\/uploads\/2018\/03\/hcl16-2017.pdf\">HCL 16<\/a><\/td>\n<td class=\"rtecenter\" style=\"text-align: center;\">Aprobarea necesit\u0103\u021bii \u0219i oportunit\u0103\u021bii realiz\u0103rii unor lucr\u0103ri de reabilitare \u0219i modernizare drumuri \/ sectoare de drum de interes local din comuna Vaideeni, sat Cerna -Dealul Cernei, Guriloaie, Sec\u0103tura \u0219i La Mar\u021ban<\/td>\n<\/tr>\n<tr>\n<td class=\"rtecenter\" style=\"text-align: center;\"><a href=\"https:\/\/primaria-vaideeni.ro\/VAIDEENI\/wp-content\/uploads\/2018\/03\/hcl17-2017.pdf\">\u00a0HCL 17<\/a><\/td>\n<td class=\"rtecenter\" style=\"text-align: center;\">Aprobarea necesit\u0103\u021bii \u0219i oportunit\u0103\u021bii realiz\u0103rii unor lucr\u0103ri de reabilitare \u0219i modernizare drumuri \/ sectoare de drum de interes local din comuna Vaideeni- Nisipi, Tantilica, Hanci, Pope\u0219ti, B\u0103lu\u021bari, Jianu, spre T\u0103rt\u0103reanu,\u00a0 B\u0103l\u0103ceanca, R\u00e2p\u0103 Recea, Gr\u0103di\u0219te \u0219i Tuturube.<\/td>\n<\/tr>\n<tr>\n<td class=\"rtecenter\" style=\"text-align: center;\"><a href=\"https:\/\/primaria-vaideeni.ro\/VAIDEENI\/wp-content\/uploads\/2018\/03\/hcl18-2017.pdf\">\u00a0HCL18<\/a><\/td>\n<td class=\"rtecenter\" style=\"text-align: center;\">Aprobarea asigur\u0103rii cofinan\u021b\u0103rii obiectivului de investi\u021bie: Reabilitare drumuri DC 137 \u0219i DC 138, comuna Vaideeni, jude\u021bul V\u00e2lcea<\/td>\n<\/tr>\n<tr>\n<td class=\"rtecenter\" style=\"text-align: center;\"><a href=\"https:\/\/primaria-vaideeni.ro\/VAIDEENI\/wp-content\/uploads\/2018\/03\/hcl19-2017.pdf\">HCL 19\u00a0<\/a><\/td>\n<td class=\"rtecenter\" style=\"text-align: center;\">Aprobarea cofinan\u021b\u0103rii investi\u021biei : Modernizare \u0219i reabilitare drumuri de interes local At\u00e2rna\u021bi , Af\u00e2nata, Br\u0103d\u0103\u021bele, Lazuri, Tronson Ciocioi, Drum vicinal Valea Plaiului \u0219i construire pod peste Luncav\u0103\u021b \u00een comuna Vaideeni, jude\u021bul V\u00e2lcea<\/td>\n<\/tr>\n<tr>\n<td class=\"rtecenter\" style=\"text-align: center;\"><a href=\"https:\/\/primaria-vaideeni.ro\/VAIDEENI\/wp-content\/uploads\/2018\/03\/hcl20-2017.pdf\">HCL 20\u00a0<\/a><\/td>\n<td class=\"rtecenter\" style=\"text-align: center;\">Aprobarea statului de func\u021bii \u0219i organigramei Prim\u0103riei comunei Vaideeni<\/td>\n<\/tr>\n<tr>\n<td class=\"rtecenter\" style=\"text-align: center;\"><a href=\"https:\/\/primaria-vaideeni.ro\/VAIDEENI\/wp-content\/uploads\/2018\/03\/hcl21-2017.pdf\">\u00a0HCL 21\u00a0<\/a><\/td>\n<td class=\"rtecenter\" style=\"text-align: center;\">Aprobarea necesit\u0103\u021bii \u0219i oportunit\u0103\u021bii unor lucr\u0103ri Extindere \u0219i reabilitare \u0219coal\u0103 cu clasele I-IV At\u00e2rna\u021bi<\/td>\n<\/tr>\n<tr>\n<td class=\"rtecenter\" style=\"text-align: center;\"><a href=\"https:\/\/primaria-vaideeni.ro\/VAIDEENI\/wp-content\/uploads\/2018\/03\/hcl21-2017-1.pdf\">\u00a0HCL 22<\/a><\/td>\n<td class=\"rtecenter\" style=\"text-align: center;\">Asocierea comunei Vaideeni cu ora\u0219ul Horezu \u0219i comuna Malaia, jude\u021bul V\u00e2lcea \u00een cadrul Asicia\u021biei de Dezvoltare Intercomunitar\u0103 Oltenia Carpatica \u00een vederea realiz\u0103rii unor proiecte comune de interes public<\/td>\n<\/tr>\n<tr>\n<td class=\"rtecenter\" style=\"text-align: center;\"><a href=\"https:\/\/primaria-vaideeni.ro\/VAIDEENI\/wp-content\/uploads\/2018\/03\/hcl23-2017.pdf\">\u00a0HCL 23<\/a><\/td>\n<td class=\"rtecenter\" style=\"text-align: center;\">\u00a0Aprobarea cofinan\u021b\u0103rii investi\u021biei Reabilitare \u0219i modernizare \u0218coal\u0103 cu\u00a0 clasele I-VIII, sat Izvoru Rece \u00een comuna Vaideeni, jude\u021bul V\u00e2lcea<\/td>\n<\/tr>\n<tr>\n<td class=\"rtecenter\" style=\"text-align: center;\"><a href=\"https:\/\/primaria-vaideeni.ro\/VAIDEENI\/wp-content\/uploads\/2018\/03\/hcl24-2017.pdf\">\u00a0HCL 24<\/a><\/td>\n<td class=\"rtecenter\" style=\"text-align: center;\">Aprobarea Planului de ocupare a func\u021biilor publice din cadrul Aparatului de specialitate al Primarului comunei Vaideeni, jude\u021bul V\u00e2lcea pe anul 2017<\/td>\n<\/tr>\n<tr>\n<td class=\"rtecenter\" style=\"text-align: center;\"><a href=\"https:\/\/primaria-vaideeni.ro\/VAIDEENI\/wp-content\/uploads\/2018\/03\/hcl25-2017.pdf\">HCL 25\u00a0<\/a><\/td>\n<td class=\"rtecenter\" style=\"text-align: center;\">Aprobarea Devizului General, Indicatorii tehnico-economici \u00een urma modific\u0103rii cotei standard TVA de la 20% la 19 % \u0219i cheltuielile neeligibile aferente obiectivului de investi\u021bie : Reabilitare drumuri DC 137 \u0219i DC 138 , comuna Vaideeni, jude\u021bul V\u00e2lcea<\/td>\n<\/tr>\n<tr>\n<td class=\"rtecenter\" style=\"text-align: center;\"><a href=\"https:\/\/primaria-vaideeni.ro\/VAIDEENI\/wp-content\/uploads\/2018\/03\/hcl26-2017.pdf\">HCL 26\u00a0<\/a><\/td>\n<td class=\"rtecenter\" style=\"text-align: center;\">Aprobarea necesit\u0103\u021bii \u0219i oportunit\u0103\u021bii realiz\u0103rii unor lucr\u0103ri de reabilitare, modernizare \u0219i dotare Dispensar Uman din satull Vaideeni, comuna Vaideeni<\/td>\n<\/tr>\n<tr>\n<td class=\"rtecenter\" style=\"text-align: center;\"><a href=\"https:\/\/primaria-vaideeni.ro\/VAIDEENI\/wp-content\/uploads\/2018\/03\/hcl27-2017.pdf\">HCL 27\u00a0\u00a0<\/a><\/td>\n<td class=\"rtecenter\" style=\"text-align: center;\">Aprobarea particip\u0103rii comunei Vaideeni la PNDR prin AFIR , subm\u0103sura 4.3 .A &#8211; Investi\u021bii pentru modernizarea, dezvoltarea, sau adaptarea infrastructurii agricole \u0219i silvice- Infrasreuctura de acces agricol\u0103, pentru modernizare drumuri sat Vaideeni \u0219i Izvorul Rece<\/td>\n<\/tr>\n<tr>\n<td class=\"rtecenter\" style=\"text-align: center;\"><a href=\"https:\/\/primaria-vaideeni.ro\/VAIDEENI\/wp-content\/uploads\/2018\/03\/hcl28-2017.pdf\">\u00a0HCL 28<\/a><\/td>\n<td class=\"rtecenter\" style=\"text-align: center;\">Asocierea comunei Vaideeni cu comunele Polovragi \u0219i Sl\u0103tioara, jude\u021bele V\u00e2lcea \u0219i Gorj \u00een cadrul ADI Roua Mun\u021bilor \u00een vederea realiz\u0103rii unor proiecte comune de interes public<\/td>\n<\/tr>\n<tr>\n<td class=\"rtecenter\" style=\"text-align: center;\"><a href=\"https:\/\/primaria-vaideeni.ro\/VAIDEENI\/wp-content\/uploads\/2018\/03\/hcl29-2017.pdf\">\u00a0HCL 29<\/a><\/td>\n<td class=\"rtecenter\" style=\"text-align: center;\">Asocierea comunei Vaideeni cu ora\u0219ul Horezu \u0219i comunele Tom\u0219ani, Coste\u0219ti, B\u0103rb\u0103te\u0219ti, Pietrari, M\u0103ld\u0103re\u0219ti, Stroie\u0219t, Ote\u0219ani \u0219i Sl\u0103tioara, jude\u021bul V\u00e2lcea \u00een cadrul ADI \u021ainutul Br\u00e2ncovenilor \u00een vederea realiz\u0103rii unor proiecte comune de interes public<\/td>\n<\/tr>\n<tr>\n<td class=\"rtecenter\" style=\"text-align: center;\"><a href=\"https:\/\/primaria-vaideeni.ro\/VAIDEENI\/wp-content\/uploads\/2018\/03\/hcl30-2017.pdf\">HCL 30\u00a0<\/a><\/td>\n<td class=\"rtecenter\" style=\"text-align: center;\">Aprobarea necesit\u0103\u021bii \u0219i oportunit\u0103\u021bii\u00a0 realiz\u0103rii unor investi\u021bii \u201eReabiliatare, modernizare, extindere \u0219i dotare C\u0103min cultural Vartolonei Todeci \u00een localitatea\u00a0 Vaideeni, comuna Vaideeni, jude\u021bul V\u00e2lcea\u201d<\/td>\n<\/tr>\n<tr>\n<td class=\"rtecenter\" style=\"text-align: center;\"><a href=\"https:\/\/primaria-vaideeni.ro\/VAIDEENI\/wp-content\/uploads\/2018\/03\/hcl31-2017.pdf\">\u00a0HCL 31\u00a0<\/a><\/td>\n<td class=\"rtecenter\" style=\"text-align: center;\">Aprobarea necesit\u0103\u021bii \u0219i oportunit\u0103\u021bii realiz\u0103rii unor lucr\u0103ri de Extindere \u0219i modernizare sistem de iluminat public \u00een comuna Vaideeni \u0219i zona de agrenent Ursu- Ursule\u021bu<\/td>\n<\/tr>\n<tr>\n<td class=\"rtecenter\" style=\"text-align: center;\"><a href=\"https:\/\/primaria-vaideeni.ro\/VAIDEENI\/wp-content\/uploads\/2018\/03\/hcl32-2017.pdf\">\u00a0HCL 32<\/a><\/td>\n<td class=\"rtecenter\" style=\"text-align: center;\">Aprobarea particip\u0103rii comunei Vaideeni la elaborarea \u0219i implementarea proiectului Infrastructura rutier\u0103 \u00een zona Ursu- Ursule\u021bu \u00een cadrul programului PNDL<\/td>\n<\/tr>\n<tr>\n<td class=\"rtecenter\" style=\"text-align: center;\"><a href=\"https:\/\/primaria-vaideeni.ro\/VAIDEENI\/wp-content\/uploads\/2018\/03\/hcl33-2017.pdf\">\u00a0HCL 33\u00a0<\/a><\/td>\n<td class=\"rtecenter\" style=\"text-align: center;\">Aprobarea particip\u0103rii comunei Vaideeni la elaborarea \u0219i implementarea proiectului \u201eInfrastructura utilit\u0103\u021bi ap\u0103 \u00een zona Ursu-Ursule\u021bu\u201d, \u00een cadrul PNDL<\/td>\n<\/tr>\n<tr>\n<td class=\"rtecenter\" style=\"text-align: center;\"><a href=\"https:\/\/primaria-vaideeni.ro\/VAIDEENI\/wp-content\/uploads\/2018\/03\/hcl34-2017.pdf\">HCL 34<\/a><\/td>\n<td class=\"rtecenter\" style=\"text-align: center;\">Aprobarea necesit\u0103\u021bii \u0219i oportunit\u0103\u021bii realiz\u0103rii unor lucr\u0103ri de reabilitare \u0219i modernizare drumuri de interes local din comuna Vaideeni, sat Vaideeni -G\u0103breni, spre Crucea de Piatr\u0103, Dunga Ur\u0219ani, Pade\u0219\u00a0 \u0219i Flore\u0219ti<\/td>\n<\/tr>\n<tr>\n<td class=\"rtecenter\" style=\"text-align: center;\" rowspan=\"17\">\u00a0 07.03.2017<\/td>\n<td class=\"rtecenter\" style=\"text-align: center;\"><a href=\"https:\/\/primaria-vaideeni.ro\/VAIDEENI\/wp-content\/uploads\/2018\/03\/hcl37-2017.pdf\">\u00a0HCL 37<\/a><\/td>\n<td class=\"rtecenter\" style=\"text-align: center;\">Aprobarea Studiului de Fezabilitate \u0219i indicatorilor tehnico-economici privind proiectul \u201eReabilitare, modernizare, extindere \u0219i dotare C\u0103min cultural Vartolomei Todeci \u00een localitatea Vaideeni, comuna Vaideeni, jude\u021bul V\u00e2lcea\u201d<\/td>\n<\/tr>\n<tr>\n<td class=\"rtecenter\" style=\"text-align: center;\"><a href=\"https:\/\/primaria-vaideeni.ro\/VAIDEENI\/wp-content\/uploads\/2018\/03\/hcl38-2017.pdf\">HCL 38<\/a><\/td>\n<td class=\"rtecenter\" style=\"text-align: center;\">Aprobarea Studiului de Fezabilitate \u0219i indicatorilor tehnico-economici privind proiectul \u201eInfrastructura rutier\u0103 \u00een zona Ursu-Ursule\u021bu\u201d<\/td>\n<\/tr>\n<tr>\n<td class=\"rtecenter\" style=\"text-align: center;\"><a href=\"https:\/\/primaria-vaideeni.ro\/VAIDEENI\/wp-content\/uploads\/2018\/03\/hcl39-2017.pdf\">\u00a0HCL 39\u00a0<\/a><\/td>\n<td class=\"rtecenter\" style=\"text-align: center;\">Aprobarea Studiului de Fezabilitate \u0219i indicatorilor tehnico-economici privind proiectul \u201eExtindere \u0219i reabilitare \u0219coal\u0103 cu clasele I-IV, At\u00e2rna\u021bi\u201d<\/td>\n<\/tr>\n<tr>\n<td class=\"rtecenter\" style=\"text-align: center;\"><a href=\"https:\/\/primaria-vaideeni.ro\/VAIDEENI\/wp-content\/uploads\/2018\/03\/hcl40-2017.pdf\">HCL 40<\/a><\/td>\n<td class=\"rtecenter\" style=\"text-align: center;\">Aprobarea Studiului de fezabilitate\/Documeta\u021biei avizare lucr\u0103ri de interven\u021bie \u0219i indicatorilor tehnico-economici privind proiectul\u00a0 \u201eReabilitare \u0219i modernizare drumuri \/ sectoare de drum din comuna Vaideeni- Nisipi, Tantilica, Hanci, Pope\u0219ti, B\u0103lu\u021bari, Jianu, spre T\u0103rt\u0103reanu,\u00a0 B\u0103l\u0103ceanca, R\u00e2p\u0103 Recea, Gr\u0103di\u0219te \u0219i Tuturube.\u201d<\/td>\n<\/tr>\n<tr>\n<td class=\"rtecenter\" style=\"text-align: center;\"><a href=\"https:\/\/primaria-vaideeni.ro\/VAIDEENI\/wp-content\/uploads\/2018\/03\/hcl41-2017.pdf\">\u00a0HCL 41<\/a><\/td>\n<td class=\"rtecenter\" style=\"text-align: center;\">Aprobarea Studiului de fezabilitate\/Documeta\u021biei avizare lucr\u0103ri de interven\u021bie \u0219i indicatorilor tehnico-economici privind proiectul \u201eReabilitare, modernizare, dotare \u0219i extindere dispensar uman din satul Vaideeni, comuna Vaideeni\u201d<\/td>\n<\/tr>\n<tr>\n<td class=\"rtecenter\" style=\"text-align: center;\"><a href=\"https:\/\/primaria-vaideeni.ro\/VAIDEENI\/wp-content\/uploads\/2018\/03\/hcl42-2017.pdf\">\u00a0HCL 42<\/a><\/td>\n<td class=\"rtecenter\" style=\"text-align: center;\">Aprobarea devizului general \u0219i indicatorii tehnico-economici prin modificarea TVA de la 20% la 19% pentru obiectivul de investi\u021bie \u201eModernizare \u0219i reabilitare drumuri de interes local\u00a0 Af\u00e2nata, Br\u0103d\u0103\u021bele, Lazuri, Tronson Ciocioi, Drum vicinal Canal Valea Plaiului \u0219i construire pod peste Luncav\u0103\u021b \u201d<\/td>\n<\/tr>\n<tr>\n<td class=\"rtecenter\" style=\"text-align: center;\"><a href=\"https:\/\/primaria-vaideeni.ro\/VAIDEENI\/wp-content\/uploads\/2018\/03\/hcl43-2017.pdf\">\u00a0HCL 43<\/a><\/td>\n<td class=\"rtecenter\" style=\"text-align: center;\">Aprobarea DALI- Devizului general al investi\u021biei \u0219i indicatorilor tehnico-economici pentru obiectivul de investi\u021bie \u201eReabilitare \u0219i modernizare drumuri interes local din comuna Vaideeni , jude\u021bul V\u00e2lcea, sat Mari\u021ba -Dealul Mari\u021bei, apa\u00a0 Mari\u021bei I \u0219i II, Drumul T\u00e2rgului , drumul Bisericii\u201d<\/td>\n<\/tr>\n<tr>\n<td class=\"rtecenter\" style=\"text-align: center;\"><a href=\"https:\/\/primaria-vaideeni.ro\/VAIDEENI\/wp-content\/uploads\/2018\/03\/hcl44-2017.pdf\">\u00a0HCL 44\u00a0<\/a><\/td>\n<td class=\"rtecenter\" style=\"text-align: center;\">Aprobare S.F. \u0219i indicatori tehnico-economici\u00a0 privind proiectul Extindere \u0219i modernizare sistem de iluminat public \u00een comuna Vaideeni \u0219i zona de agrement Ursu-Ursule\u021bu<\/td>\n<\/tr>\n<tr>\n<td class=\"rtecenter\" style=\"text-align: center;\"><a href=\"https:\/\/primaria-vaideeni.ro\/VAIDEENI\/wp-content\/uploads\/2018\/03\/hcl45-2017.pdf\">\u00a0HCL 45\u00a0<\/a><\/td>\n<td class=\"rtecenter\" style=\"text-align: center;\">Aprobarea Devizului general \u0219i indicatorii tehnico-economici pentru obiectivul de investi\u021bie \u201eReabilitare \u0219i modernizare drum\/ sectoare de drum de interes local din comuna Vaideeni, sat Cerna -Dealul Cernei, Guriloaie, Sec\u0103tura \u0219i La Mar\u021ban\u201d<\/td>\n<\/tr>\n<tr>\n<td class=\"rtecenter\" style=\"text-align: center;\"><a href=\"https:\/\/primaria-vaideeni.ro\/VAIDEENI\/wp-content\/uploads\/2018\/03\/hcl46-2017.pdf\">\u00a0HCL 46<\/a><\/td>\n<td class=\"rtecenter\" style=\"text-align: center;\">Aprobarea actualiz\u0103rii devizului general pentru obiectivul de investi\u021bie: \u201eReabilitare \u0219i modernizare \u0219coala cu clasele I-VIII, sat Izvorul Rece, comuna Vaideeni, jude\u021bul V\u00e2lcea \u201d, \u00een urma modific\u0103rii cotei standard TVA de la 20 la 19% prezentat \u00een anexa nr. 1 , parte integrant\u0103 a prezentei hot\u0103r\u00e2ri,<\/td>\n<\/tr>\n<tr>\n<td class=\"rtecenter\" style=\"text-align: center;\"><a href=\"https:\/\/primaria-vaideeni.ro\/VAIDEENI\/wp-content\/uploads\/2018\/03\/hcl47-2017.pdf\">\u00a0HCL 47<\/a><\/td>\n<td class=\"rtecenter\" style=\"text-align: center;\">Aprobarea S.F. \u0219i indicatori tehnico-economici privind proiectul \u201eInfrastructura utilit\u0103\u021bi-ap\u0103 \u00een zona Ursu &#8211; Ursule\u021bu , comuna Vaideeni, jude\u021bul V\u00e2lcea\u201d<\/td>\n<\/tr>\n<tr>\n<td class=\"rtecenter\" style=\"text-align: center;\"><a href=\"https:\/\/primaria-vaideeni.ro\/VAIDEENI\/wp-content\/uploads\/2018\/03\/hcl48-2017.pdf\">\u00a0HCL 48<\/a><\/td>\n<td class=\"rtecenter\" style=\"text-align: center;\">Aprobarea structurii re\u021belei \u0219colare a unit\u0103\u021bilor de \u00eenv\u0103\u021b\u0103m\u00e2nt preuniversitar din comuna Vaideeni<\/td>\n<\/tr>\n<tr>\n<td class=\"rtecenter\" style=\"text-align: center;\"><a href=\"https:\/\/primaria-vaideeni.ro\/VAIDEENI\/wp-content\/uploads\/2018\/03\/hcl-49-2017.pdf\">HCL 49\u00a0<\/a><\/td>\n<td class=\"rtecenter\" style=\"text-align: center;\">Aprobarea necesit\u0103\u021bii, oportunit\u0103\u021bii \u0219i Indicatorilor tehnico-economici privind proiectul \u201eExtindere \u0219i modernizare \u0218coala Mari\u021ba, comuna Vaideeni, jude\u021bul V\u00e2lcea\u201d<\/td>\n<\/tr>\n<tr>\n<td class=\"rtecenter\" style=\"text-align: center;\"><a href=\"https:\/\/primaria-vaideeni.ro\/VAIDEENI\/wp-content\/uploads\/2018\/03\/hcl50-2017.pdf\">\u00a0HCL 50<\/a><\/td>\n<td class=\"rtecenter\" style=\"text-align: center;\">Aprobarea actualiz\u0103rii cererii de finan\u021bare a devizului de lucr\u0103ri \u0219i indicatorii tehnico-economici ai investi\u021biei :\u201eModernizare drum agricol Plaiul Nedeiului, comuna Vaideeni, jude\u021bul V\u00e2lcea\u201d<\/td>\n<\/tr>\n<tr>\n<td class=\"rtecenter\" style=\"text-align: center;\"><a href=\"https:\/\/primaria-vaideeni.ro\/VAIDEENI\/wp-content\/uploads\/2018\/03\/hcl51-2017.pdf\">HCL 51\u00a0<\/a><\/td>\n<td class=\"rtecenter\" style=\"text-align: center;\">Modificarea anexei HCL 18 din 27.08.1999 privind domeniul public al comunei Vaideeni cu modific\u0103rile \u0219i complet\u0103rile ulterioare<\/td>\n<\/tr>\n<tr>\n<td class=\"rtecenter\" style=\"text-align: center;\"><a href=\"https:\/\/primaria-vaideeni.ro\/VAIDEENI\/wp-content\/uploads\/2018\/03\/hcl52-2017.pdf\">HCL 52<\/a><\/td>\n<td class=\"rtecenter\" style=\"text-align: center;\">Aprobarea indicatorilor tehnico-economici \u0219i devizului general privind aprobarea necesit\u0103\u021bii \u0219i oportunit\u0103\u021bii realiz\u0103rii unor lucr\u0103ri de reabilitarea \u0219i modernizare drumuri de interes local comuna Vaideeni, sat Vaideeni, G\u0103breni , spre Crucea de piatr\u0103, Dealul Ur\u0219ani, Pade\u0219 \u0219i Flore\u0219ti<\/td>\n<\/tr>\n<tr>\n<td class=\"rtecenter\" style=\"text-align: center;\"><a href=\"https:\/\/primaria-vaideeni.ro\/VAIDEENI\/wp-content\/uploads\/2018\/03\/hcl53-2017.pdf\">HCL 53<\/a><\/td>\n<td class=\"rtecenter\" style=\"text-align: center;\">Completarea anex\u0103 HCL nr. 18 din 27.08.1999 privind domeniul public al comunei Vaideeni &#8211; anexa 81 &#8211; Inventarul bunurilor care apar\u021bin domeniului public al comunei Vaideeni cu modific\u0103rile \u0219i complet\u0103rile ulterioare<\/td>\n<\/tr>\n<tr>\n<td class=\"rtecenter\" style=\"text-align: center;\" rowspan=\"4\">27.03.2017<\/td>\n<td class=\"rtecenter\" style=\"text-align: center;\"><a href=\"https:\/\/primaria-vaideeni.ro\/VAIDEENI\/wp-content\/uploads\/2018\/03\/hcl54-2017.pdf\">HCL 54<\/a><\/td>\n<td class=\"rtecenter\" style=\"text-align: center;\">Aprobarea noului tarif pentru depozitarea de\u0219eurilor inerte \u0219i nepericuloase \u00eencredin\u021bate \u00een vederea elimin\u0103rii finale prin depozitare.<\/td>\n<\/tr>\n<tr>\n<td class=\"rtecenter\" style=\"text-align: center;\"><a href=\"https:\/\/primaria-vaideeni.ro\/VAIDEENI\/wp-content\/uploads\/2018\/03\/hcl55-2017.pdf\">HCL 55\u00a0<\/a><\/td>\n<td class=\"rtecenter\" style=\"text-align: center;\">Aprobarea particip\u0103rii comunei Vaideeni la PNDR subm\u0103sura 4.3 \u0219i implementarea proiectului Modernizare drumuri agricole Br\u0103d\u0103\u021bele, Cio\u021bi , M\u0103gurele, V\u00e2rtop , Valea Crucii<\/td>\n<\/tr>\n<tr>\n<td class=\"rtecenter\" style=\"text-align: center;\"><a href=\"https:\/\/primaria-vaideeni.ro\/VAIDEENI\/wp-content\/uploads\/2018\/03\/hcl56-2017.pdf\">\u00a0HCL 56\u00a0<\/a><\/td>\n<td class=\"rtecenter\" style=\"text-align: center;\">Aprobarea particip\u0103rii comunei Vaideeni la PNDR subm\u0103sura 4.3 \u0219i implementarea proiectului : Modernizare drumuri agricole De la Didela\u0219, Drumul V\u0103ilor, Culmea Zbierii, Dunga Romanoiului, Valea M\u0103rginelii, Dunga Recii II, Podul Obrejii<\/td>\n<\/tr>\n<tr>\n<td class=\"rtecenter\" style=\"text-align: center;\"><a href=\"https:\/\/primaria-vaideeni.ro\/VAIDEENI\/wp-content\/uploads\/2018\/03\/hcl57-2017.pdf\">\u00a0HCL 57<\/a><\/td>\n<td class=\"rtecenter\" style=\"text-align: center;\">Aprobarea particip\u0103rii comunei Vaideeni la PNDR subm\u0103sura 4.3 \u0219i implementarea proiectului : Modernizare drumuri agricole Mu\u0219i\u021ba, Laz, Grui, Grindul Borii, Grindul, Z\u0103podii, Dunga Recii, Priporu Ro\u0219u, Loturile lui Cosmulete<\/td>\n<\/tr>\n<tr>\n<td class=\"rtecenter\" style=\"text-align: center;\">03.04.2017<\/td>\n<td class=\"rtecenter\" style=\"text-align: center;\"><a href=\"https:\/\/primaria-vaideeni.ro\/VAIDEENI\/wp-content\/uploads\/2018\/03\/hcl58-2017.pdf\">\u00a0HCL 58<\/a><\/td>\n<td class=\"rtecenter\" style=\"text-align: center;\">Aprobarea bugetului local inclusiv lista de investi\u021bii pe anul 2017 a bugetului local al comunei Vaideeni pe anul 2017.<\/td>\n<\/tr>\n<tr>\n<td class=\"rtecenter\" style=\"text-align: center;\" rowspan=\"5\">\u00a014.04.2017<\/td>\n<td class=\"rtecenter\" style=\"text-align: center;\"><a href=\"https:\/\/primaria-vaideeni.ro\/VAIDEENI\/wp-content\/uploads\/2018\/03\/hcl59-2017.pdf\">HCL 59\u00a0<\/a><\/td>\n<td class=\"rtecenter\" style=\"text-align: center;\">Includerea \u00een domeniul privat al comunei Vaideeni a terenului f\u00e2ne\u021be\u00a0 din punctul Faleza r\u00e2u Luncav\u0103\u021b , \u00een suprafa\u021b\u0103 de 4962 mp, teren situtat \u00een satul Vaideeni, comuna Vaideeni, jude\u021bul V\u00e2lcea<\/td>\n<\/tr>\n<tr>\n<td class=\"rtecenter\" style=\"text-align: center;\"><a href=\"https:\/\/primaria-vaideeni.ro\/VAIDEENI\/wp-content\/uploads\/2018\/03\/hcl60-2017.pdf\">HCL 60\u00a0<\/a><\/td>\n<td class=\"rtecenter\" style=\"text-align: center;\">Aprobarea particip\u0103rii comunei Vaideeni la PNDR prin AFIR, Subm\u0103sura 7.6\u00a0 -Investi\u021bii asociate cu protejarea patrimoniului cultural, proiect \u201eReabilitare, modernizare \u0219i dotare c\u0103min cultural Vartolomei Todeci \u00een localitatea Vaideeni, comuna Vaideeni, jude\u021bul V\u00e2lcea\u201d<\/td>\n<\/tr>\n<tr>\n<td class=\"rtecenter\" style=\"text-align: center;\"><a href=\"https:\/\/primaria-vaideeni.ro\/VAIDEENI\/wp-content\/uploads\/2018\/03\/hcl61-2017.pdf\">\u00a0HCL 61\u00a0<\/a><\/td>\n<td class=\"rtecenter\" style=\"text-align: center;\">Aprobarea noului tarif pentru depozitarea de\u0219eurilor inerte \u0219i nepericuloase \u00eencredin\u021bate \u00een vederea elimin\u0103rii finale prin depozitare<\/td>\n<\/tr>\n<tr>\n<td class=\"rtecenter\" style=\"text-align: center;\"><a href=\"https:\/\/primaria-vaideeni.ro\/VAIDEENI\/wp-content\/uploads\/2018\/03\/hcl62-2017.pdf\">HCL 62\u00a0<\/a><\/td>\n<td class=\"rtecenter\" style=\"text-align: center;\">\u00cencetarea contractului de concesiune nr. 5218 din data de 01.10.2004 \u00eencheiat \u00eentre Consiliul Local Vaideeni \u00een calitate de concedent \u0219i Baia\u0219u Adelina \u00een calitate de concesionar<\/td>\n<\/tr>\n<tr>\n<td class=\"rtecenter\" style=\"text-align: center;\"><a href=\"https:\/\/primaria-vaideeni.ro\/VAIDEENI\/wp-content\/uploads\/2018\/03\/hcl63-2017.pdf\">HCL 63\u00a0<\/a><\/td>\n<td class=\"rtecenter\" style=\"text-align: center;\">Concesionarea spa\u021biului \u00een care va func\u021biona cabinetul individual C\u0103praru Bogdan din cadrul dispensaruilui uman Vaideeni, prioritate public\u0103 a comunei Vaideeni.<\/td>\n<\/tr>\n<tr>\n<td class=\"rtecenter\" style=\"text-align: center;\" rowspan=\"2\">\u00a031.05.2017<\/td>\n<td class=\"rtecenter\" style=\"text-align: center;\"><a href=\"https:\/\/primaria-vaideeni.ro\/VAIDEENI\/wp-content\/uploads\/2018\/03\/hcl64-2017.pdf\">HCL 64\u00a0<\/a><\/td>\n<td class=\"rtecenter\" style=\"text-align: center;\">Achizi\u021bonarea serviciilor juridice de consultan\u021b\u0103, asisten\u021b\u0103 \u0219i reprezentare<\/td>\n<\/tr>\n<tr>\n<td class=\"rtecenter\" style=\"text-align: center;\"><a href=\"https:\/\/primaria-vaideeni.ro\/VAIDEENI\/wp-content\/uploads\/2018\/03\/hcl65-2017.pdf\">HCL 65\u00a0<\/a><\/td>\n<td class=\"rtecenter\" style=\"text-align: center;\">Rectificarea bugetului local al comunei Vaideeni pe trimestrul II-2017<\/td>\n<\/tr>\n<tr>\n<td class=\"rtecenter\" style=\"text-align: center;\" rowspan=\"3\">\u00a021.06.2017<\/td>\n<td class=\"rtecenter\" style=\"text-align: center;\"><a href=\"https:\/\/primaria-vaideeni.ro\/VAIDEENI\/wp-content\/uploads\/2018\/03\/hcl66-2017.pdf\">HCL 66\u00a0<\/a><\/td>\n<td class=\"rtecenter\" style=\"text-align: center;\">Aprobarea depunerii de c\u0103tre comuna Vaideeni , \u00een calitate de partener al\u0103turi de Asocia\u021bia Umanitar\u0103 Rom\u00e2nia -Solicitant, precum \u0219i parteneri ai proiectului HOPE-Interven\u021bie comunitar\u0103 integrat\u0103 \u00een comuna Vaideeni- \u0218coala Gimnazial\u0103 Luca Solomon Vaideeni, SC Formenerg SA \u0219i Asocia\u021bia de Dezvoltare Durabil\u0103 educa\u021bie \u0219i sprijin comunitar &#8211; \u00een cadrul apelului POCU 140\/4\/2 Reducerea num\u0103rului de comunit\u0103\u021bi marginalizate (non-rom\u0103) aflate \u00een risc de s\u0103r\u0103cie \u0219i excluziune social\u0103, prin implementarea de m\u0103suri integrate, finan\u021bat prin POCU 2014-2020 \u0219i aprobarea cofinan\u021b\u0103rii acestui proiect \u00een cuantum de 2% din valoarea maxim eligibil\u0103 administrat\u0103 de Comuna Vaideeni \u00een cadru proiectului.<\/td>\n<\/tr>\n<tr>\n<td class=\"rtecenter\" style=\"text-align: center;\"><a href=\"https:\/\/primaria-vaideeni.ro\/VAIDEENI\/wp-content\/uploads\/2018\/03\/hcl67-2017.pdf\">\u00a0HCL 67<\/a><\/td>\n<td class=\"rtecenter\" style=\"text-align: center;\">Modificarea HCL nr. 60 14.04.2017 referitoare la\u00a0Aprobarea particip\u0103rii comunei Vaideeni la PNDR prin AFIR, Subm\u0103sura 7.6\u00a0 -Investi\u021bii asociate cu protejarea patrimoniului cultural, proiect \u201eReabilitare, modernizare \u0219i dotare c\u0103min cultural Vartolomei Todeci \u00een localitatea Vaideeni, comuna Vaideeni, jude\u021bul V\u00e2lcea\u201d<\/td>\n<\/tr>\n<tr>\n<td class=\"rtecenter\" style=\"text-align: center;\"><a href=\"https:\/\/primaria-vaideeni.ro\/VAIDEENI\/wp-content\/uploads\/2018\/03\/hcl68-2017.pdf\">HCL 68\u00a0<\/a><\/td>\n<td class=\"rtecenter\" style=\"text-align: center;\">Aprobarea modific\u0103rii planului de ocupare a func\u021biilor publice din cadrul aparatului de specialitate al primarului comunei Vaideeni<\/td>\n<\/tr>\n<tr>\n<td class=\"rtecenter\" style=\"text-align: center;\" rowspan=\"3\">\u00a026.06.2017<\/td>\n<td class=\"rtecenter\" style=\"text-align: center;\"><a href=\"https:\/\/primaria-vaideeni.ro\/VAIDEENI\/wp-content\/uploads\/2018\/03\/hcl69-2017.pdf\">HCL 69\u00a0<\/a><\/td>\n<td class=\"rtecenter\" style=\"text-align: center;\">Aprobarea actului adi\u021bional nr. 1 la Contractul 2412 din 21.04.2008 \u00eencheiat \u00eentre comuna Vaideeni prin Consiliul Local Vaideeni \u0219i Urban SA<\/td>\n<\/tr>\n<tr>\n<td class=\"rtecenter\" style=\"text-align: center;\"><a href=\"https:\/\/primaria-vaideeni.ro\/VAIDEENI\/wp-content\/uploads\/2018\/03\/hcl70-2017.pdf\">\u00a0HCL 70<\/a><\/td>\n<td class=\"rtecenter\" style=\"text-align: center;\">Achizi\u021bionarea serviciilor juridice de consultan\u021b\u0103, asisten\u021b\u0103 \u0219i reprezentare<\/td>\n<\/tr>\n<tr>\n<td class=\"rtecenter\" style=\"text-align: center;\"><\/td>\n<td class=\"rtecenter\" style=\"text-align: center;\"><\/td>\n<\/tr>\n<tr>\n<td class=\"rtecenter\" style=\"text-align: center;\" rowspan=\"7\">31.07.2017<\/td>\n<td class=\"rtecenter\" style=\"text-align: center;\"><a href=\"https:\/\/primaria-vaideeni.ro\/VAIDEENI\/wp-content\/uploads\/2018\/03\/hcl71-2017.pdf\">\u00a0HCL 71<\/a><\/td>\n<td class=\"rtecenter\" style=\"text-align: center;\">Stabilirea indemniza\u021biei de \u0219edin\u021b\u0103 pentru consilierii locali<\/td>\n<\/tr>\n<tr>\n<td class=\"rtecenter\" style=\"text-align: center;\"><a href=\"https:\/\/primaria-vaideeni.ro\/VAIDEENI\/wp-content\/uploads\/2018\/03\/hcl72-2017.pdf\">HCL 72\u00a0<\/a><\/td>\n<td class=\"rtecenter\" style=\"text-align: center;\">Interzicerea accesului \u0219i circula\u021biei autovehiculelor\u00a0 destinate transportului de m\u0103rfuri \u0219i a utilajelor cu masa total\u0103 maxim\u0103 autorizat\u0103 mai mare de 40 de tone pe drumurile comunale \u0219i s\u0103te\u0219ti apar\u021bin\u00e2nd comunei Vaideeni, jude\u021bul V\u00e2lcea<\/td>\n<\/tr>\n<tr>\n<td class=\"rtecenter\" style=\"text-align: center;\"><a href=\"https:\/\/primaria-vaideeni.ro\/VAIDEENI\/wp-content\/uploads\/2018\/03\/hcl73-2017.pdf\">\u00a0HCL 73<\/a><\/td>\n<td class=\"rtecenter\" style=\"text-align: center;\">Rectificarea bugetului local al comunei Vaideeni, pe trimestrul III -2017<\/td>\n<\/tr>\n<tr>\n<td class=\"rtecenter\" style=\"text-align: center;\"><a href=\"https:\/\/primaria-vaideeni.ro\/VAIDEENI\/wp-content\/uploads\/2018\/03\/hcl74-2017.pdf\">\u00a0HCL 74\u00a0<\/a><\/td>\n<td class=\"rtecenter\" style=\"text-align: center;\">Aprobarea excedentului de buget pe anul 2017<\/td>\n<\/tr>\n<tr>\n<td class=\"rtecenter\" style=\"text-align: center;\"><a href=\"https:\/\/primaria-vaideeni.ro\/VAIDEENI\/wp-content\/uploads\/2018\/03\/hcl75-2017.pdf\">\u00a0HCL 75<\/a><\/td>\n<td class=\"rtecenter\" style=\"text-align: center;\">Aprobarea statutului de func\u0163ii \u015fi a organigramei prim\u0103riei comunei<\/td>\n<\/tr>\n<tr>\n<td class=\"rtecenter\" style=\"text-align: center;\"><a href=\"https:\/\/primaria-vaideeni.ro\/VAIDEENI\/wp-content\/uploads\/2017\/06\/hcl-76.pdf\">HCL 76<\/a><\/td>\n<td class=\"rtecenter\" style=\"text-align: center;\">Privind aprobarea salariilor de baza pentru functionarii publici si personalul contractual din aparatul de specialitate al Primarului comunei Vaideeni<\/td>\n<\/tr>\n<tr>\n<td class=\"rtecenter\" style=\"text-align: center;\"><a href=\"https:\/\/primaria-vaideeni.ro\/VAIDEENI\/wp-content\/uploads\/2018\/03\/hcl77-2017.pdf\">HCL 77\u00a0\u00a0<\/a><\/td>\n<td class=\"rtecenter\" style=\"text-align: center;\">Promovarea comunei Vaideeni, jude\u0163ul V\u00e2lcea cu ocazia Press-Tourului Interna\u021bional Turist prin Rom\u00e2nia ce se va desf\u0103\u0219ura \u00een perioada 28 august -8 septembrie<\/td>\n<\/tr>\n<tr>\n<td class=\"rtecenter\" style=\"text-align: center;\" rowspan=\"7\">21.08.2017<\/td>\n<td class=\"rtecenter\" style=\"text-align: center;\"><a href=\"https:\/\/primaria-vaideeni.ro\/VAIDEENI\/wp-content\/uploads\/2018\/03\/hcl77b-2017.pdf\">\u00a0HCL 77&#8242;<\/a><\/td>\n<td class=\"rtecenter\" style=\"text-align: center;\">Aprobarea modific\u0103rii statutului de func\u021bii al prim\u0103riei comunei Vaideeni<\/td>\n<\/tr>\n<tr>\n<td class=\"rtecenter\" style=\"text-align: center;\"><a href=\"https:\/\/primaria-vaideeni.ro\/VAIDEENI\/wp-content\/uploads\/2018\/03\/hcl78-2017.pdf\">HCL 78<\/a><\/td>\n<td class=\"rtecenter\" style=\"text-align: center;\">Implementarea proiectului Achizi\u021bionare de agregate pentru desz\u0103pezire \u0219i salubritate, \u00een comuna Vaideeni, jude\u021bul V\u00e2lcea<\/td>\n<\/tr>\n<tr>\n<td class=\"rtecenter\" style=\"text-align: center;\"><a href=\"https:\/\/primaria-vaideeni.ro\/VAIDEENI\/wp-content\/uploads\/2018\/03\/hcl79-2017.pdf\">\u00a0HCL 79<\/a><\/td>\n<td class=\"rtecenter\" style=\"text-align: center;\">Prestare servicii de proiectare faza PT \u0219i asisten\u021b\u0103 tehnic\u0103 din partea proiectantului pentru obiectivul de investi\u021bii \u201eRestaurare \u0219i dotare \u0219coal\u0103 din ansamblul rural cu destina\u021bia expunerii tradi\u021biilor locale\u201d, \u00een comuna Vaideeni, jude\u021bul V\u00e2lcea<\/td>\n<\/tr>\n<tr>\n<td class=\"rtecenter\" style=\"text-align: center;\"><a href=\"https:\/\/primaria-vaideeni.ro\/VAIDEENI\/wp-content\/uploads\/2018\/03\/hcl80-2017.pdf\">\u00a0HCL 80<\/a><\/td>\n<td class=\"rtecenter\" style=\"text-align: center;\">Aprobarea excedentului de buget pe anul 2017<\/td>\n<\/tr>\n<tr>\n<td class=\"rtecenter\" style=\"text-align: center;\"><a href=\"https:\/\/primaria-vaideeni.ro\/VAIDEENI\/wp-content\/uploads\/2018\/03\/hcl81-2017.pdf\">\u00a0HCL 81<\/a><\/td>\n<td class=\"rtecenter\" style=\"text-align: center;\">Necesitatea \u0219i oportunitatea aprob\u0103rii investi\u021biei: Parc Izvorul Rece, sat Izvorul Rece, comuna Vaideeni, jude\u021bul V\u00e2lcea<\/td>\n<\/tr>\n<tr>\n<td class=\"rtecenter\" style=\"text-align: center;\"><a href=\"https:\/\/primaria-vaideeni.ro\/VAIDEENI\/wp-content\/uploads\/2018\/03\/hcl82-2017.pdf\">\u00a0HCL 82<\/a><\/td>\n<td class=\"rtecenter\" style=\"text-align: center;\">Aprobarea necesit\u0103\u021bii \u0219i oportunit\u0103\u021bii achizi\u021bion\u0103rii \u0219i mont\u0103rii \u00een domeniul public a unor por\u021bi tradi\u021bionale din lemn masiv sculptat, amplasate la cele trei intr\u0103ri principale ale comunei Vaideeni<\/td>\n<\/tr>\n<tr>\n<td class=\"rtecenter\" style=\"text-align: center;\"><a href=\"https:\/\/primaria-vaideeni.ro\/VAIDEENI\/wp-content\/uploads\/2018\/03\/hcl83-2017.pdf\">\u00a0HCL 83<\/a><\/td>\n<td class=\"rtecenter\" style=\"text-align: center;\">Aprobarea valorii de investi\u021bie a proiectului intitulat \u00cenfii\u021bare \u0219i dotare gr\u0103dini\u021b\u0103 cu 2 s\u0103li de grup\u0103 , sat Vaideeni, jude\u021bul V\u00e2lcea precum \u0219i a scrisorii de garan\u021bie la FNGCIMM SA IFN<\/td>\n<\/tr>\n<tr>\n<td class=\"rtecenter\" style=\"text-align: center;\" rowspan=\"8\">\u00a029.09.2017<\/td>\n<td class=\"rtecenter\" style=\"text-align: center;\"><a href=\"https:\/\/primaria-vaideeni.ro\/VAIDEENI\/wp-content\/uploads\/2018\/03\/hcl84-2017.pdf\">HCL 84<\/a><\/td>\n<td class=\"rtecenter\" style=\"text-align: center;\">Aprobarea exploat\u0103rii cantit\u0103\u021bii de 274 mc material lemnos<\/td>\n<\/tr>\n<tr>\n<td class=\"rtecenter\" style=\"text-align: center;\"><a href=\"https:\/\/primaria-vaideeni.ro\/VAIDEENI\/wp-content\/uploads\/2018\/03\/hcl85-2017.pdf\">\u00a0HCL 85<\/a><\/td>\n<td class=\"rtecenter\" style=\"text-align: center;\">Modificarea anexei la HCL nr. 18 din 27.08.1999 privind domeniul public al comunei Vaideeni cu modific\u0103rile \u0219i complet\u0103rile ulterioare<\/td>\n<\/tr>\n<tr>\n<td class=\"rtecenter\" style=\"text-align: center;\"><a href=\"https:\/\/primaria-vaideeni.ro\/VAIDEENI\/wp-content\/uploads\/2018\/03\/hcl86-2017.pdf\">HCL 86\u00a0<\/a><\/td>\n<td class=\"rtecenter\" style=\"text-align: center;\">Aderarea comunei Vaideeni la Asocia\u021bia Comunelor din Rom\u00e2nia<\/td>\n<\/tr>\n<tr>\n<td class=\"rtecenter\" style=\"text-align: center;\"><a href=\"https:\/\/primaria-vaideeni.ro\/VAIDEENI\/wp-content\/uploads\/2018\/03\/hcl87-2017.pdf\">HCL 87\u00a0<\/a><\/td>\n<td class=\"rtecenter\" style=\"text-align: center;\">Acordarea cu titlu gratuit a cantit\u0103\u021bii de 7 mc lemn de brad doamnei Ciuc\u0103 Maria din satul Vaideeni, comuna Vaideeni<\/td>\n<\/tr>\n<tr>\n<td class=\"rtecenter\" style=\"text-align: center;\"><a href=\"https:\/\/primaria-vaideeni.ro\/VAIDEENI\/wp-content\/uploads\/2018\/03\/hcl88-2017.pdf\">\u00a0HCL 88\u00a0<\/a><\/td>\n<td class=\"rtecenter\" style=\"text-align: center;\">Aprobarea nomencaltorului stradal al comunei Vaideeni<\/td>\n<\/tr>\n<tr>\n<td class=\"rtecenter\" style=\"text-align: center;\"><a href=\"https:\/\/primaria-vaideeni.ro\/VAIDEENI\/wp-content\/uploads\/2018\/03\/hcl89-2017.pdf\">HCL 89\u00a0<\/a><\/td>\n<td class=\"rtecenter\" style=\"text-align: center;\">Necesitatea \u0219i oportunitatea amenaj\u0103rii \u0219i reabilit\u0103rii de troi\u021be, f\u00e2nt\u00e2ni, ci\u0219mele de interes local \u00een comuna Vaideeni, jude\u021bul V\u00e2lcea<\/td>\n<\/tr>\n<tr>\n<td class=\"rtecenter\" style=\"text-align: center;\"><a href=\"https:\/\/primaria-vaideeni.ro\/VAIDEENI\/wp-content\/uploads\/2018\/03\/hcl90-2017.pdf\">\u00a0HCL 90<\/a><\/td>\n<td class=\"rtecenter\" style=\"text-align: center;\">Rectificarea bugetului local al comunei Vaideeni pe trimestrul III-2017<\/td>\n<\/tr>\n<tr>\n<td class=\"rtecenter\" style=\"text-align: center;\"><a href=\"https:\/\/primaria-vaideeni.ro\/VAIDEENI\/wp-content\/uploads\/2018\/03\/hcl91-2017.pdf\">HCL 91\u00a0<\/a><\/td>\n<td class=\"rtecenter\" style=\"text-align: center;\">Aprobarea salariilor de baz\u0103 pentru func\u021bionarii publici \u0219i personalul contractual din aparatul de specialitate al\u00a0 Primarului comunei Vaideeni, jude\u021bul V\u00e2lcea<\/td>\n<\/tr>\n<tr>\n<td class=\"rtecenter\" style=\"text-align: center;\" rowspan=\"3\">06.10.2017<\/td>\n<td class=\"rtecenter\" style=\"text-align: center;\"><a href=\"https:\/\/primaria-vaideeni.ro\/VAIDEENI\/wp-content\/uploads\/2018\/03\/hcl92-2017.pdf\">\u00a0HCL 92<\/a><\/td>\n<td class=\"rtecenter\" style=\"text-align: center;\">Aprobarea valorii de incesti\u021bie a proiectului intitulat\u00a0 \u201eRestaurare \u0219i dotare \u0219coal\u0103 din ansamblul rural cu destina\u021bia expunerii tradi\u021biilor locale din comuna Vaideeni\u201d precum \u0219i a scrisorii de garan\u021bie de la FNGCIMM SA IFN<\/td>\n<\/tr>\n<tr>\n<td class=\"rtecenter\" style=\"text-align: center;\"><a href=\"https:\/\/primaria-vaideeni.ro\/VAIDEENI\/wp-content\/uploads\/2018\/03\/hcl93-2017.pdf\">\u00a0HCL 93<\/a><\/td>\n<td class=\"rtecenter\" style=\"text-align: center;\">Aprobarea excedentului de buget pe anul 2017<\/td>\n<\/tr>\n<tr>\n<td class=\"rtecenter\" style=\"text-align: center;\"><a href=\"https:\/\/primaria-vaideeni.ro\/VAIDEENI\/wp-content\/uploads\/2018\/03\/hcl94-2017.pdf\">\u00a0HCL 94<\/a><\/td>\n<td class=\"rtecenter\" style=\"text-align: center;\">Modificarea anexei la HCL nr. 18 din 27.08.1999 privind domeniul public al comunei Vaideeni cu modific\u0103rile \u0219i complet\u0103rile ulterioare<\/td>\n<\/tr>\n<tr>\n<td class=\"rtecenter\" style=\"text-align: center;\" rowspan=\"8\">\u00a031.10.2017<\/td>\n<td class=\"rtecenter\" style=\"text-align: center;\"><a href=\"https:\/\/primaria-vaideeni.ro\/VAIDEENI\/wp-content\/uploads\/2018\/03\/hcl95-2017.pdf\">\u00a0HCL 95<\/a><\/td>\n<td class=\"rtecenter\" style=\"text-align: center;\">Aprobarea implement\u0103rii proiectului \u201eIncubator tehnologic de colectare \u0219i prelucrare a l\u00e2nii \u00een ora\u0219ul Novaci, jude\u021bul Gorj\u201d<\/td>\n<\/tr>\n<tr>\n<td class=\"rtecenter\" style=\"text-align: center;\"><a href=\"https:\/\/primaria-vaideeni.ro\/VAIDEENI\/wp-content\/uploads\/2018\/03\/hcl96-2017.pdf\">HCL 96\u00a0<\/a><\/td>\n<td class=\"rtecenter\" style=\"text-align: center;\">Desemnarea unui consilier local pentru a participa la adunarea s\u0103teasc\u0103 pentru alegerea delegatului s\u0103tesc care s\u0103 reprezinte locuitorii satului Mari\u021ba<\/td>\n<\/tr>\n<tr>\n<td class=\"rtecenter\" style=\"text-align: center;\"><a href=\"https:\/\/primaria-vaideeni.ro\/VAIDEENI\/wp-content\/uploads\/2018\/03\/hcl97-2017.pdf\">\u00a0HCL 97<\/a><\/td>\n<td class=\"rtecenter\" style=\"text-align: center;\">Desemnarea unui consilier local pentru a participa la\u00a0 adunarea s\u0103teasc\u0103 pentru pentru alegerea delegatuli s\u0103tesc care s\u0103 reprezinte locuitorii satului Mari\u021ba<\/td>\n<\/tr>\n<tr>\n<td class=\"rtecenter\" style=\"text-align: center;\"><a href=\"https:\/\/primaria-vaideeni.ro\/VAIDEENI\/wp-content\/uploads\/2018\/03\/hcl98-2017.pdf\">\u00a0HCL 98<\/a><\/td>\n<td class=\"rtecenter\" style=\"text-align: center;\">Anularea crean\u021belor ce reprezint\u0103 -Tax\u0103 firn\u0103- pentru firmele radiate din Registrul Comer\u021bului de pe l\u00e2ng\u0103 Tribunalul V\u00e2lcea<\/td>\n<\/tr>\n<tr>\n<td class=\"rtecenter\" style=\"text-align: center;\"><a href=\"https:\/\/primaria-vaideeni.ro\/VAIDEENI\/wp-content\/uploads\/2018\/03\/hcl99-2017.pdf\">HCL 99\u00a0\u00a0<\/a><\/td>\n<td class=\"rtecenter\" style=\"text-align: center;\">Revocarea HCL 72 din 31.07.2017 a Consiliului Local Vaideeni privind interzicerea accesului \u0219i circula\u021biei autovehiculelor destinate transportului de m\u0103rfuri \u0219i a utilajelor cu masa total\u0103 maxim\u0103 autorizat\u0103 mai mare de 40 de tone pe drumurile comunale \u0219i s\u0103te\u0219ti apar\u021bin\u00e2nd comunei Vaideeni<\/td>\n<\/tr>\n<tr>\n<td class=\"rtecenter\" style=\"text-align: center;\"><a href=\"https:\/\/primaria-vaideeni.ro\/VAIDEENI\/wp-content\/uploads\/2018\/03\/hcl100-2017.pdf\">HCL 100\u00a0<\/a><\/td>\n<td class=\"rtecenter\" style=\"text-align: center;\">Aprobarea contului de exec\u021bie al bugetului local pe trimestrle I \u0219i II 2017<\/td>\n<\/tr>\n<tr>\n<td class=\"rtecenter\" style=\"text-align: center;\"><a href=\"https:\/\/primaria-vaideeni.ro\/VAIDEENI\/wp-content\/uploads\/2018\/03\/hcl101-2017.pdf\">\u00a0HCL 101\u00a0<\/a><\/td>\n<td class=\"rtecenter\" style=\"text-align: center;\">Aprobarea vir\u0103rii sumei de 28188 lei din bugetul local al comunei Vaideeni deschis la Trezoreria V\u00e2lcea pentru Agen\u021bia Jude\u021bean\u0103 pentru Pl\u0103\u021bi \u0219i inspec\u021bie Social\u0103 V\u00e2lcea<\/td>\n<\/tr>\n<tr>\n<td class=\"rtecenter\" style=\"text-align: center;\"><a href=\"https:\/\/primaria-vaideeni.ro\/VAIDEENI\/wp-content\/uploads\/2018\/03\/hcl102-2017.pdf\">\u00a0HCL 102<\/a><\/td>\n<td class=\"rtecenter\" style=\"text-align: center;\">Aprobarea salariului de baz\u0103 pentru\u00a0 un func\u021bionar public din aparatul de specialitate a primarului comunei Vaideeni, jude\u021bul V\u00e2lcea.<\/td>\n<\/tr>\n<tr>\n<td class=\"rtecenter\" style=\"text-align: center;\" rowspan=\"4\">16.11.2017<\/td>\n<td class=\"rtecenter\" style=\"text-align: center;\"><a href=\"https:\/\/primaria-vaideeni.ro\/VAIDEENI\/wp-content\/uploads\/2018\/03\/hcl104-2017.pdf\">\u00a0HCL 104<\/a><\/td>\n<td class=\"rtecenter\" style=\"text-align: center;\">Aprobarea includerii \u00een PNDL \u0219i realizarea unor lucr\u0103ri de Reabilitare \u0219coal\u0103 \u00een localitatea Mari\u021ba , comuna Vaideeni, jude\u021bul V\u00e2lcea, precum \u0219i ai indicatorilor tehnico-economici ai investi\u021biei<\/td>\n<\/tr>\n<tr>\n<td class=\"rtecenter\" style=\"text-align: center;\"><a href=\"https:\/\/primaria-vaideeni.ro\/VAIDEENI\/wp-content\/uploads\/2018\/03\/hcl105-2017.pdf\">HCL 105<\/a><\/td>\n<td class=\"rtecenter\" style=\"text-align: center;\">Aprobarea includerii \u00een PNDL, realizarea unor lucr\u0103ri de Reabilitare,modernizare, dotare\u00a0\u0219i extindere Dispensar Uman din satul Vaideeni, comuna Vaideeni, precum \u0219i ai indicatorilor tehnico-economici ai investi\u021biei<\/td>\n<\/tr>\n<tr>\n<td class=\"rtecenter\" style=\"text-align: center;\"><a href=\"https:\/\/primaria-vaideeni.ro\/VAIDEENI\/wp-content\/uploads\/2018\/03\/hcl106-2017.pdf\">\u00a0HCL 106<\/a><\/td>\n<td class=\"rtecenter\" style=\"text-align: center;\">Mandatarea reprezentantului comunei Vaideeni \u00een Adunarea General\u0103 a ADI Apa V\u00e2lcea, s\u0103 aprobe primirea de noi membrii \u00een asocia\u021bie, retragerea unui membru, precum \u0219i modificarea \u0219i completarea Actului Constitutiv \u0219i a Statutului Asocia\u021biei \u0219i s\u0103 semneze actele adi\u021bionale la acestea<\/td>\n<\/tr>\n<tr>\n<td class=\"rtecenter\" style=\"text-align: center;\"><a href=\"https:\/\/primaria-vaideeni.ro\/VAIDEENI\/wp-content\/uploads\/2018\/03\/hcl107-2017.pdf\">\u00a0HCL 107<\/a><\/td>\n<td class=\"rtecenter\" style=\"text-align: center;\">Mandatarea primarului comunei Vaideeni pentru a semna contractul de management administrativ financiar \u00eencheiat \u00eentre primarul comunei Vaideeni \u0219i Directorul \u0219colii Gimnaziale Vaideeni, ca urmare a promov\u0103rii concursului de ocupare a func\u021biei de director la unitatea de \u00eenv\u0103\u021b\u0103m\u00e2nt<\/td>\n<\/tr>\n<tr>\n<td class=\"rtecenter\" style=\"text-align: center;\" rowspan=\"6\">\u00a029.11.2017<\/td>\n<td class=\"rtecenter\" style=\"text-align: center;\"><a href=\"https:\/\/primaria-vaideeni.ro\/VAIDEENI\/wp-content\/uploads\/2018\/03\/hcl108-2017.pdf\">HCL 108\u00a0<\/a><\/td>\n<td class=\"rtecenter\" style=\"text-align: center;\">Delimitarea zonelor de impozitare\u00a0 \u00een cadrul localit\u0103\u021bilor componente ale comunei Vaideeni<\/td>\n<\/tr>\n<tr>\n<td class=\"rtecenter\" style=\"text-align: center;\"><a href=\"https:\/\/primaria-vaideeni.ro\/VAIDEENI\/wp-content\/uploads\/2018\/03\/hcl109-2017.pdf\">HCL 109\u00a0<\/a><\/td>\n<td class=\"rtecenter\" style=\"text-align: center;\">\u00cendreptare eroare material\u0103 din art. 1 al dispozitivului HCL nr, 82\/2017<\/td>\n<\/tr>\n<tr>\n<td class=\"rtecenter\" style=\"text-align: center;\"><a href=\"https:\/\/primaria-vaideeni.ro\/VAIDEENI\/wp-content\/uploads\/2018\/03\/hcl110-2017.pdf\">\u00a0HCL 110<\/a><\/td>\n<td class=\"rtecenter\" style=\"text-align: center;\">Aprobarea unor sume cu destina\u021bia cadou, cu ocazia s\u0103rb\u0103torilor de iarn\u0103<\/td>\n<\/tr>\n<tr>\n<td class=\"rtecenter\" style=\"text-align: center;\"><a href=\"https:\/\/primaria-vaideeni.ro\/VAIDEENI\/wp-content\/uploads\/2018\/03\/hcl111-2017.pdf\">HCL 111\u00a0<\/a><\/td>\n<td class=\"rtecenter\" style=\"text-align: center;\">Aprobarea excedentului de buget\u00a0 pe anul 2017<\/td>\n<\/tr>\n<tr>\n<td class=\"rtecenter\" style=\"text-align: center;\"><a href=\"https:\/\/primaria-vaideeni.ro\/VAIDEENI\/wp-content\/uploads\/2018\/03\/hcl112-2017.pdf\">HCL 112\u00a0<\/a><\/td>\n<td class=\"rtecenter\" style=\"text-align: center;\">Anularea crean\u021belor ce reprezint\u0103 taxa de drum comunal \u0219i s\u0103tesc pentru firmele radiate din Registrul Comer\u021bului de pe l\u00e2ng\u0103 Tribunalul V\u00e2lcea<\/td>\n<\/tr>\n<tr>\n<td class=\"rtecenter\" style=\"text-align: center;\"><a href=\"https:\/\/primaria-vaideeni.ro\/VAIDEENI\/wp-content\/uploads\/2018\/03\/hcl113-2017.pdf\">HCL 113<\/a><\/td>\n<td class=\"rtecenter\" style=\"text-align: center;\">Rectificarea bugetului local al comunei Vaideeni, pe trimestrul IV 2017<\/td>\n<\/tr>\n<tr>\n<td class=\"rtecenter\" style=\"text-align: center;\" rowspan=\"4\">\u00a008.12.2017<\/td>\n<td class=\"rtecenter\" style=\"text-align: center;\"><a href=\"https:\/\/primaria-vaideeni.ro\/VAIDEENI\/wp-content\/uploads\/2018\/03\/hcl114-2017.pdf\">\u00a0HCL 114<\/a><\/td>\n<td class=\"rtecenter\" style=\"text-align: center;\">Transferur suma din sursa D fonduri solidaritatea\u00a0 \u00een sursa A buget local\u00a0 a comunei Vaideeni<\/td>\n<\/tr>\n<tr>\n<td class=\"rtecenter\" style=\"text-align: center;\"><a href=\"https:\/\/primaria-vaideeni.ro\/VAIDEENI\/wp-content\/uploads\/2018\/03\/hcl115-2017.pdf\">HCL 115\u00a0<\/a><\/td>\n<td class=\"rtecenter\" style=\"text-align: center;\">Aprobarea actualiz\u0103rii devizului general pentru obiectivul de investi\u021bie \u201eReabiliatare \u0219i modernizare \u0219coal\u0103 cu clasele I-VIII sat Izvorul Rece, comuna Vaideeni, jude\u021bul V\u00e2lcea\u201d \u00een urma modific\u0103rii cotei standard TVA de la 20 la 19%<\/td>\n<\/tr>\n<tr>\n<td class=\"rtecenter\" style=\"text-align: center;\"><a href=\"https:\/\/primaria-vaideeni.ro\/VAIDEENI\/wp-content\/uploads\/2018\/03\/hcl116-2017.pdf\">HCL 116\u00a0<\/a><\/td>\n<td class=\"rtecenter\" style=\"text-align: center;\">Aprobarea Studiului de Fezabilitate \u0219i a indicatorilor Tehnico-economici privind proiectul \u201eExtindere \u0219i reabilitare \u0219coal\u0103 \u00een clasele I-IV At\u00e2rna\u021bi\u201d<\/td>\n<\/tr>\n<tr>\n<td class=\"rtecenter\" style=\"text-align: center;\"><a href=\"https:\/\/primaria-vaideeni.ro\/VAIDEENI\/wp-content\/uploads\/2018\/03\/hcl117-2017.pdf\">HCL 117<\/a><\/td>\n<td class=\"rtecenter\" style=\"text-align: center;\">Achizi\u021bionarea serviciilor juridice de consultan\u021b\u0103, asisten\u021b\u0103 \u0219i reprezentare<\/td>\n<\/tr>\n<tr>\n<td class=\"rtecenter\" style=\"text-align: center;\" rowspan=\"4\">29.12.2017<\/td>\n<td class=\"rtecenter\" style=\"text-align: center;\"><a href=\"https:\/\/primaria-vaideeni.ro\/VAIDEENI\/wp-content\/uploads\/2018\/03\/hcl118-2017.pdf\">HCL 118<\/a><\/td>\n<td class=\"rtecenter\" style=\"text-align: center;\">Aprobarea noului tarif pentru depozitarea de\u0219eurilor inerte \u0219i nepericuloase \u00een vederea elimin\u0103rii finale prin depozitare<\/td>\n<\/tr>\n<tr>\n<td class=\"rtecenter\" style=\"text-align: center;\"><a href=\"https:\/\/primaria-vaideeni.ro\/VAIDEENI\/wp-content\/uploads\/2018\/01\/HCL-119.pdf\">\u00a0HCL 119<\/a><\/td>\n<td class=\"rtecenter\" style=\"text-align: center;\">\u00a0Privind: aprobarea modificarii HCL nr. 96\/31.10.2017<br \/>\nprivind implementarea proiectului \u201cIncubator tehnologic de colectare si prelucrare a<br \/>\nlanii, multiregional in orasul Novaci, judetul Gorj\u201d<\/td>\n<\/tr>\n<tr>\n<td class=\"rtecenter\" style=\"text-align: center;\">\u00a0\u00a0<a href=\"https:\/\/primaria-vaideeni.ro\/VAIDEENI\/wp-content\/uploads\/2018\/01\/hcl-120-taxe-2018.pdf\">HCL 120<\/a><\/td>\n<td class=\"rtecenter\" style=\"text-align: center;\">\u00a0\u00a0Privind stabilirea impozitelor \u015fi taxelor locale,<br \/>\nprecum \u015fi a taxelor speciale,<br \/>\npentru anul 2018<\/td>\n<\/tr>\n<tr>\n<td class=\"rtecenter\" style=\"text-align: center;\"><a href=\"https:\/\/primaria-vaideeni.ro\/VAIDEENI\/wp-content\/uploads\/2018\/01\/HCL-121.pdf\">HCL 121\u00a0<\/a><\/td>\n<td class=\"rtecenter\" style=\"text-align: center;\">Privitor la: completarea anexei la Hot\u0103r\u00e2rea Consiliului Local Vaideeni nr.18 din<br \/>\n27.08.1999 privind domeniul public al comunei Vaideeni (care a stat la baza emiterii HG<br \/>\n1362\/2001\u2014 anexa 81 -Inventarul bunurilor care apartin domeniului public al comunei<br \/>\nVaideeni) cu modific\u0103rile si completarile ulterioare;<\/td>\n<\/tr>\n<tr>\n<td class=\"rtecenter\" style=\"text-align: center;\"><\/td>\n<td class=\"rtecenter\" style=\"text-align: center;\"><\/td>\n<td class=\"rtecenter\" style=\"text-align: center;\"><\/td>\n<\/tr>\n<\/thead>\n<\/table>\n<p>&nbsp;<\/p>\n","protected":false},"excerpt":{"rendered":"<p>&nbsp; &nbsp; &nbsp; DATA NR. DOCUMENT CONTINUT 10.01.2017 HCL 1 Aprobarea deficitului bugetar pentru anul 2017 -sec\u021biunea dezvoltare HCL 2 \u00cemputernicirea primarului s\u0103 semneze radierea unor numere cadastrale \u00een fa\u021ba notarului public 18.01.2017 HCL 3 Desemnarea reprezentan\u021bilor Consiliului Local al Comunei Vaideeni \u00een Consiliul de Administra\u021bie al \u0218colii gimnaziale Vaideeni HCL 4 Modificarea anexei la &hellip; <\/p>\n<p class=\"link-more\"><a href=\"https:\/\/primaria-vaideeni.ro\/VAIDEENI\/consiliu-local\/hotarari\/2017-2\/\" class=\"more-link\">Continue reading<span class=\"screen-reader-text\"> &#8220;2017&#8221;<\/span><\/a><\/p>\n","protected":false},"author":1,"featured_media":0,"parent":114,"menu_order":0,"comment_status":"closed","ping_status":"closed","template":"","meta":{"footnotes":""},"class_list":["post-458","page","type-page","status-publish","hentry"],"_links":{"self":[{"href":"https:\/\/primaria-vaideeni.ro\/VAIDEENI\/wp-json\/wp\/v2\/pages\/458","targetHints":{"allow":["GET"]}}],"collection":[{"href":"https:\/\/primaria-vaideeni.ro\/VAIDEENI\/wp-json\/wp\/v2\/pages"}],"about":[{"href":"https:\/\/primaria-vaideeni.ro\/VAIDEENI\/wp-json\/wp\/v2\/types\/page"}],"author":[{"embeddable":true,"href":"https:\/\/primaria-vaideeni.ro\/VAIDEENI\/wp-json\/wp\/v2\/users\/1"}],"replies":[{"embeddable":true,"href":"https:\/\/primaria-vaideeni.ro\/VAIDEENI\/wp-json\/wp\/v2\/comments?post=458"}],"version-history":[{"count":72,"href":"https:\/\/primaria-vaideeni.ro\/VAIDEENI\/wp-json\/wp\/v2\/pages\/458\/revisions"}],"predecessor-version":[{"id":903,"href":"https:\/\/primaria-vaideeni.ro\/VAIDEENI\/wp-json\/wp\/v2\/pages\/458\/revisions\/903"}],"up":[{"embeddable":true,"href":"https:\/\/primaria-vaideeni.ro\/VAIDEENI\/wp-json\/wp\/v2\/pages\/114"}],"wp:attachment":[{"href":"https:\/\/primaria-vaideeni.ro\/VAIDEENI\/wp-json\/wp\/v2\/media?parent=458"}],"curies":[{"name":"wp","href":"https:\/\/api.w.org\/{rel}","templated":true}]}}